{"id":9662,"date":"2021-03-13T20:24:52","date_gmt":"2021-03-13T19:24:52","guid":{"rendered":"https:\/\/www.valpineta.eu\/excursion\/soum-de-ramond-o-pico-de-anisclo\/"},"modified":"2024-01-17T20:35:44","modified_gmt":"2024-01-17T19:35:44","slug":"soum-de-ramond-o-pico-de-anisclo","status":"publish","type":"excursion","link":"https:\/\/www.valpineta.eu\/fr\/excursion\/soum-de-ramond-o-pico-de-anisclo\/","title":{"rendered":"Soum de Ramond o Pico de A\u00f1isclo"},"content":{"rendered":"\r\n<p><em><strong>Le Soum de Ramond est un sommet \u00e9l\u00e9gant et \u00e9vident, la plus orientale des Trois Soeurs.<br \/><\/strong><\/em><\/p>\r\n<p><em><strong>Son ascension nous permet de d\u00e9couvrir, entre le Soum de Ramond et les Aiguilles Baudrimont, un joli vallon suspendu, qui \u00e0 3.000 m d&rsquo;altitude et en direction NW, relie la Punta de las Olas au col oriental du Mont Perdu.<\/strong><\/em><\/p>\r\n<p><em><strong>Un paysage min\u00e9ral, gris et ocre. Le dernier pierrier est un peu rebutant, mais n&rsquo;est pas difficile. Aussi, on pourra choisir de le gravir en d\u00e9but de saison, quand il y a encore de la neige (crampons-piolet).<\/strong><\/em><\/p>\r\n<p><em><strong>Le sommet nous offrira des vues magnifiques sur la Suca, les Trois Maries, Puntas Verdes, sur le canyon d&rsquo;A\u00f1isclo, le Mont Perdu et ses petits visiteurs &#8230; Et nous, profitant de la tranquillit\u00e9 et de la solitude de ce sommet aust\u00e8re.<\/strong><\/em><\/p>\r\n<h4>Refuge &#8211; Col d&rsquo;A\u00f1isclo<\/h4>\r\n<p>Du refuge, nous empruntons le GR-11 en direction du col d&rsquo;A\u00f1isclo. Nous commen\u00e7ons par traverser le lit de la rivi\u00e8re (sec en \u00e9t\u00e9 et en hiver) en suivant de gros cairns jusqu&rsquo;\u00e0 l&rsquo;entr\u00e9e d&rsquo;un bosquet de saules. Le chemin tourne \u00e0 gauche sur environ 300 m pour ensuite, au niveau de grands pins, bifurquer \u00e0 nouveau en direction de la paroi. Arriv\u00e9s \u00e0 celle-ci, nous laissons \u00e0 droite le GR-11 qui part en direction du fond de la vall\u00e9e et entamons la mont\u00e9e sur un sentier dont l&rsquo;inclinaison augmente progressivement. Le chemin, GR-11 \u00e9galement, est bien signal\u00e9 par des peintures rouges et blanches. Il passe deux \u00ab Barrancos \u00bb (Fayetas y Espluca negra) entre lesquels nous rencontrons plusieurs passages raides o\u00f9 nous pourrons mettre les mains par endroits. Apr\u00e8s le deuxi\u00e8me Barranco, le sentier entre dans une zone de pins noirs et de bouleaux dans laquelle nous trouvons la bifurcation pour la faja de Tormosa, signal\u00e9e par un panneau.<br \/>Nous restons sur le GR-11 et continuons notre mont\u00e9e en nous rafraichissant \u00e0 une source environ 500 m\u00e8tres plus loin.<br \/>La derni\u00e8re partie de l&rsquo;ascension se d\u00e9roule dans un paysage plus sec, mais ne pr\u00e9sente pas de difficult\u00e9 d&rsquo;orientation, on s&rsquo;attachera \u00e0 suivre les peintures qui nous conduisent au col dans une zone de roche et de pierrier.<\/p>\r\n<h4>Collado de A\u00f1isclo &#8211; Punta de las Olas<\/h4>\r\n<p>Le GR-11 descend sur notre droite, en direction de Fon Blanca, \u00e0 la jonction avec le canyon d&rsquo;Arrablo. Si, au lieu de descendre, nous continuons horizontalement, toujours vers la droite, nous retrouverons les marques du GR qui m\u00e8nent \u00e0 Goriz, en passant par la Faja (vire) de la Punta de las Olas.<br \/>Nous suivons ce sentier horizontal (pas besoin de monter) en direction du nord-est. Nous atteignons la vire, une bande herbeuse qui se transforme progressivement en langue de pierre lisse, mais adh\u00e9rente. Au passage le plus d\u00e9licat, une cha\u00eene fix\u00e9e au sol sera tr\u00e8s utile en cas de glace ou de pluie. Nous continuons jusqu&rsquo;\u00e0 un deuxi\u00e8me passage \u00e9quip\u00e9 lui aussi d&rsquo;une cha\u00eene et qui nous aiderait \u00e0 descendre pour continuer le GR-11. C&rsquo;est ici que nous abandonnons le GR pour continuer sur la vire naturelle. \u00c0 son extr\u00e9mit\u00e9, \u00e0 l&rsquo;entr\u00e9e de la face sud du sommet, nous montons sur\u00a0 notre droite \u00e0 travers un terrain de pierriers pour atteindre l&rsquo;avant-cime.<\/p>\r\n<p>Nous commen\u00e7ons par suivre la cr\u00eate semi-horizontale pour rester ensuite sur son versant sud, jusqu&rsquo;\u00e0 trouver un petit couloir, sur notre droite, qui nous permet d&rsquo;atteindre le sommet.<\/p>\r\n<p><a href=\"https:\/\/www.valpineta.eu\/wp-content\/uploads\/2023\/07\/P1002630p-scaled.jpg\" target=\"_self\" rel=\"noopener\"> <img loading=\"lazy\" decoding=\"async\" title=\"P1002630p\" src=\"https:\/\/www.valpineta.eu\/wp-content\/uploads\/2023\/07\/P1002630p-1024x604.jpg\" alt=\"Faja de las Olas\" width=\"1024\" height=\"604\" \/> <\/a> <a href=\"https:\/\/www.valpineta.eu\/wp-content\/uploads\/2023\/07\/P1002631-scaled.jpg\" target=\"_self\" rel=\"noopener\"> <img loading=\"lazy\" decoding=\"async\" title=\"P1002631\" src=\"https:\/\/www.valpineta.eu\/wp-content\/uploads\/2023\/07\/P1002631-768x1024.jpg\" alt=\"Faja de las Olas\" width=\"768\" height=\"1024\" \/> <\/a> Faja de las Olas<\/p>\r\n<h4>Punta de las Olas &#8211; Soum de Ramond<\/h4>\r\n<p>Nous descendons nord\/nord-ouest vers une terrasse entre le Soum de Ramond et l&rsquo;aiguille Baudrimont SE (ou Tormosa SE).<\/p>\r\n<p>Nous laissons sur notre gauche un premier pierrier qui monte vers le Soum de Ramond mais dont la partie finale est un peu escarp\u00e9e.<br \/>Nous continuons donc, en direction Nord-Ouest et commen\u00e7ons \u00e0 monter. En suivant cette direction, nous atteindrions le col oriental du Mont Perdu, mais \u00e0 environ 3100 m, nous tournons \u00e0 gauche sur le pierrier pour nous diriger vers la cr\u00eate que nous suivrons ensuite, direction Sud-Est.<br \/>Nous atteignons le sommet sans difficult\u00e9.<\/p>\r\n<h4>Descente<\/h4>\r\n<p>M\u00eame chemin jusqu&rsquo;\u00e0 la Punta de las Olas et en choisissant ensuite le pierrier nord-est.<br \/>En partant de l&rsquo;avant-cime sud-est du sommet, nous nous dirigeons vers la gauche, en prenant soin de longer les parois du pics jusqu&rsquo;\u00e0 avoir pass\u00e9 les falaises en dessous de nous.<br \/>Nous pouvons ensuite descendre tout droit dans le pierrier en direction d&rsquo;une zone de gros blocs que nous contournerons, \u00e0 la fin, par la droite pour rejoindre \u00e0 nouveau la vire herbeuse du GR11.<br \/>Nous sommes tout pr\u00e8s du col d&rsquo;A\u00f1isclo et il nous reste \u00e0 descendre de ce col&#8230; <a role=\"button\" href=\"https:\/\/fr.wikiloc.com\/itineraires-randonnee\/soum-de-ramond-desde-pineta-141558898\" target=\"_blank\" rel=\"noopener\"> Lien Wikiloc <\/a><\/p>\r\n","protected":false},"featured_media":2179,"comment_status":"open","ping_status":"closed","template":"","presentation":"","vallee":"Pineta\/Refugio","distance_excursion":"17.0","categorie_distance":["15km - 20km"],"duree":"10h","categorie_duree":["Sup. 8h"],"type_parcours":[{"term_id":14,"name":"Aller\/retour","slug":"aller-retour","description":"","taxonomy":"type_de_parcours","parent":[],"term_taxonomy_id":14,"term_group":0,"count":30,"id":14}],"categorie_denivele":["Sup. 1600m"],"denivele_de_montee":"2100","denivele_de_descente":"2100","altitude_maximale":"3257","hostilite_du_milieu":"3","difficulte_technique":"4","difficulte_orientation":"3","effort_necessaire":"4","information":"","pente_de_neige":[],"rappel_necessaire":[],"passage_escalade":[],"lat":"0.000000","lon":"0.000000","track":{"ID":"15630","post_author":"2","post_date":"2024-01-17 20:33:26","post_date_gmt":"2024-01-17 19:33:26","post_content":"","post_title":"dRamond","post_excerpt":"","post_status":"inherit","comment_status":"open","ping_status":"closed","post_password":"","post_name":"dramond-2","to_ping":"","pinged":"","post_modified":"2024-01-17 20:35:44","post_modified_gmt":"2024-01-17 19:35:44","post_content_filtered":"","post_parent":"9662","guid":"https:\/\/www.valpineta.eu\/wp-content\/uploads\/2021\/03\/dRamond.gpx","menu_order":"0","post_type":"attachment","post_mime_type":"application\/gpx+xml","comment_count":"0","translation_id":"13230","element_type":"post_attachment","element_id":"15630","trid":"94924","language_code":"fr","source_language_code":"es","id":"4","code":"fr","english_name":"French","major":"1","active":"1","default_locale":"fr_FR","tag":"fr","encode_url":"0","country":null,"pod_item_id":"15630"},"track_color":"#020202","yoast_head":"<!-- This site is optimized with the Yoast SEO plugin v24.5 - https:\/\/yoast.com\/wordpress\/plugins\/seo\/ -->\n<title>Soum de Ramond o Pico de A\u00f1isclo - Refugio Pineta (Valpineta)<\/title>\n<meta name=\"robots\" content=\"index, follow, max-snippet:-1, max-image-preview:large, max-video-preview:-1\" \/>\n<link rel=\"canonical\" href=\"https:\/\/www.valpineta.eu\/fr\/excursion\/soum-de-ramond-o-pico-de-anisclo\/\" \/>\n<meta property=\"og:locale\" content=\"fr_FR\" \/>\n<meta property=\"og:type\" content=\"article\" \/>\n<meta property=\"og:title\" content=\"Soum de Ramond o Pico de A\u00f1isclo - Refugio Pineta (Valpineta)\" \/>\n<meta property=\"og:description\" content=\"Le Soum de Ramond est un sommet \u00e9l\u00e9gant et \u00e9vident, la plus orientale des Trois Soeurs. Son ascension nous permet de d\u00e9couvrir, entre le Soum de Ramond et les Aiguilles Baudrimont, un joli vallon suspendu, qui \u00e0 3.000 m d&rsquo;altitude et en direction NW, relie la Punta de las Olas au col oriental du Mont&hellip;\" \/>\n<meta property=\"og:url\" content=\"https:\/\/www.valpineta.eu\/fr\/excursion\/soum-de-ramond-o-pico-de-anisclo\/\" \/>\n<meta property=\"og:site_name\" content=\"Refugio Pineta (Valpineta)\" \/>\n<meta property=\"article:publisher\" content=\"https:\/\/www.facebook.com\/Refugio-d-Pineta-1689373461292734\/\" \/>\n<meta property=\"article:modified_time\" content=\"2024-01-17T19:35:44+00:00\" \/>\n<meta property=\"og:image\" content=\"https:\/\/www.valpineta.eu\/wp-content\/uploads\/2019\/09\/monteperdido5-copie.jpg\" \/>\n\t<meta property=\"og:image:width\" content=\"1920\" \/>\n\t<meta property=\"og:image:height\" content=\"400\" \/>\n\t<meta property=\"og:image:type\" content=\"image\/jpeg\" \/>\n<meta name=\"twitter:card\" content=\"summary_large_image\" \/>\n<meta name=\"twitter:label1\" content=\"Dur\u00e9e de lecture estim\u00e9e\" \/>\n\t<meta name=\"twitter:data1\" content=\"5 minutes\" \/>\n<script type=\"application\/ld+json\" class=\"yoast-schema-graph\">{\"@context\":\"https:\/\/schema.org\",\"@graph\":[{\"@type\":\"WebPage\",\"@id\":\"https:\/\/www.valpineta.eu\/fr\/excursion\/soum-de-ramond-o-pico-de-anisclo\/\",\"url\":\"https:\/\/www.valpineta.eu\/fr\/excursion\/soum-de-ramond-o-pico-de-anisclo\/\",\"name\":\"Soum de Ramond o Pico de A\u00f1isclo - Refugio Pineta (Valpineta)\",\"isPartOf\":{\"@id\":\"https:\/\/www.valpineta.eu\/#website\"},\"primaryImageOfPage\":{\"@id\":\"https:\/\/www.valpineta.eu\/fr\/excursion\/soum-de-ramond-o-pico-de-anisclo\/#primaryimage\"},\"image\":{\"@id\":\"https:\/\/www.valpineta.eu\/fr\/excursion\/soum-de-ramond-o-pico-de-anisclo\/#primaryimage\"},\"thumbnailUrl\":\"https:\/\/www.valpineta.eu\/wp-content\/uploads\/2019\/09\/monteperdido5-copie.jpg\",\"datePublished\":\"2021-03-13T19:24:52+00:00\",\"dateModified\":\"2024-01-17T19:35:44+00:00\",\"breadcrumb\":{\"@id\":\"https:\/\/www.valpineta.eu\/fr\/excursion\/soum-de-ramond-o-pico-de-anisclo\/#breadcrumb\"},\"inLanguage\":\"fr-FR\",\"potentialAction\":[{\"@type\":\"ReadAction\",\"target\":[\"https:\/\/www.valpineta.eu\/fr\/excursion\/soum-de-ramond-o-pico-de-anisclo\/\"]}]},{\"@type\":\"ImageObject\",\"inLanguage\":\"fr-FR\",\"@id\":\"https:\/\/www.valpineta.eu\/fr\/excursion\/soum-de-ramond-o-pico-de-anisclo\/#primaryimage\",\"url\":\"https:\/\/www.valpineta.eu\/wp-content\/uploads\/2019\/09\/monteperdido5-copie.jpg\",\"contentUrl\":\"https:\/\/www.valpineta.eu\/wp-content\/uploads\/2019\/09\/monteperdido5-copie.jpg\",\"width\":1920,\"height\":400},{\"@type\":\"BreadcrumbList\",\"@id\":\"https:\/\/www.valpineta.eu\/fr\/excursion\/soum-de-ramond-o-pico-de-anisclo\/#breadcrumb\",\"itemListElement\":[{\"@type\":\"ListItem\",\"position\":1,\"name\":\"Accueil\",\"item\":\"https:\/\/www.valpineta.eu\/fr\/\"},{\"@type\":\"ListItem\",\"position\":2,\"name\":\"Excursions\",\"item\":\"https:\/\/www.valpineta.eu\/excursion\/\"},{\"@type\":\"ListItem\",\"position\":3,\"name\":\"Soum de Ramond o Pico de A\u00f1isclo\"}]},{\"@type\":\"WebSite\",\"@id\":\"https:\/\/www.valpineta.eu\/#website\",\"url\":\"https:\/\/www.valpineta.eu\/\",\"name\":\"Refugio Pineta (Valpineta)\",\"description\":\"Refugio Pineta : La porte de tes r\u00eaves, oses la franchir, et tu te trouveras\",\"publisher\":{\"@id\":\"https:\/\/www.valpineta.eu\/#organization\"},\"potentialAction\":[{\"@type\":\"SearchAction\",\"target\":{\"@type\":\"EntryPoint\",\"urlTemplate\":\"https:\/\/www.valpineta.eu\/?s={search_term_string}\"},\"query-input\":{\"@type\":\"PropertyValueSpecification\",\"valueRequired\":true,\"valueName\":\"search_term_string\"}}],\"inLanguage\":\"fr-FR\"},{\"@type\":\"Organization\",\"@id\":\"https:\/\/www.valpineta.eu\/#organization\",\"name\":\"Refugio Pineta\",\"url\":\"https:\/\/www.valpineta.eu\/\",\"logo\":{\"@type\":\"ImageObject\",\"inLanguage\":\"fr-FR\",\"@id\":\"https:\/\/www.valpineta.eu\/#\/schema\/logo\/image\/\",\"url\":\"https:\/\/www.valpineta.eu\/wp-content\/uploads\/2019\/12\/LOGO-copie-vert.jpg\",\"contentUrl\":\"https:\/\/www.valpineta.eu\/wp-content\/uploads\/2019\/12\/LOGO-copie-vert.jpg\",\"width\":751,\"height\":216,\"caption\":\"Refugio Pineta\"},\"image\":{\"@id\":\"https:\/\/www.valpineta.eu\/#\/schema\/logo\/image\/\"},\"sameAs\":[\"https:\/\/www.facebook.com\/Refugio-d-Pineta-1689373461292734\/\"]}]}<\/script>\n<!-- \/ Yoast SEO plugin. -->","yoast_head_json":{"title":"Soum de Ramond o Pico de A\u00f1isclo - Refugio Pineta (Valpineta)","robots":{"index":"index","follow":"follow","max-snippet":"max-snippet:-1","max-image-preview":"max-image-preview:large","max-video-preview":"max-video-preview:-1"},"canonical":"https:\/\/www.valpineta.eu\/fr\/excursion\/soum-de-ramond-o-pico-de-anisclo\/","og_locale":"fr_FR","og_type":"article","og_title":"Soum de Ramond o Pico de A\u00f1isclo - Refugio Pineta (Valpineta)","og_description":"Le Soum de Ramond est un sommet \u00e9l\u00e9gant et \u00e9vident, la plus orientale des Trois Soeurs. Son ascension nous permet de d\u00e9couvrir, entre le Soum de Ramond et les Aiguilles Baudrimont, un joli vallon suspendu, qui \u00e0 3.000 m d&rsquo;altitude et en direction NW, relie la Punta de las Olas au col oriental du Mont&hellip;","og_url":"https:\/\/www.valpineta.eu\/fr\/excursion\/soum-de-ramond-o-pico-de-anisclo\/","og_site_name":"Refugio Pineta (Valpineta)","article_publisher":"https:\/\/www.facebook.com\/Refugio-d-Pineta-1689373461292734\/","article_modified_time":"2024-01-17T19:35:44+00:00","og_image":[{"width":1920,"height":400,"url":"https:\/\/www.valpineta.eu\/wp-content\/uploads\/2019\/09\/monteperdido5-copie.jpg","type":"image\/jpeg"}],"twitter_card":"summary_large_image","twitter_misc":{"Dur\u00e9e de lecture estim\u00e9e":"5 minutes"},"schema":{"@context":"https:\/\/schema.org","@graph":[{"@type":"WebPage","@id":"https:\/\/www.valpineta.eu\/fr\/excursion\/soum-de-ramond-o-pico-de-anisclo\/","url":"https:\/\/www.valpineta.eu\/fr\/excursion\/soum-de-ramond-o-pico-de-anisclo\/","name":"Soum de Ramond o Pico de A\u00f1isclo - Refugio Pineta (Valpineta)","isPartOf":{"@id":"https:\/\/www.valpineta.eu\/#website"},"primaryImageOfPage":{"@id":"https:\/\/www.valpineta.eu\/fr\/excursion\/soum-de-ramond-o-pico-de-anisclo\/#primaryimage"},"image":{"@id":"https:\/\/www.valpineta.eu\/fr\/excursion\/soum-de-ramond-o-pico-de-anisclo\/#primaryimage"},"thumbnailUrl":"https:\/\/www.valpineta.eu\/wp-content\/uploads\/2019\/09\/monteperdido5-copie.jpg","datePublished":"2021-03-13T19:24:52+00:00","dateModified":"2024-01-17T19:35:44+00:00","breadcrumb":{"@id":"https:\/\/www.valpineta.eu\/fr\/excursion\/soum-de-ramond-o-pico-de-anisclo\/#breadcrumb"},"inLanguage":"fr-FR","potentialAction":[{"@type":"ReadAction","target":["https:\/\/www.valpineta.eu\/fr\/excursion\/soum-de-ramond-o-pico-de-anisclo\/"]}]},{"@type":"ImageObject","inLanguage":"fr-FR","@id":"https:\/\/www.valpineta.eu\/fr\/excursion\/soum-de-ramond-o-pico-de-anisclo\/#primaryimage","url":"https:\/\/www.valpineta.eu\/wp-content\/uploads\/2019\/09\/monteperdido5-copie.jpg","contentUrl":"https:\/\/www.valpineta.eu\/wp-content\/uploads\/2019\/09\/monteperdido5-copie.jpg","width":1920,"height":400},{"@type":"BreadcrumbList","@id":"https:\/\/www.valpineta.eu\/fr\/excursion\/soum-de-ramond-o-pico-de-anisclo\/#breadcrumb","itemListElement":[{"@type":"ListItem","position":1,"name":"Accueil","item":"https:\/\/www.valpineta.eu\/fr\/"},{"@type":"ListItem","position":2,"name":"Excursions","item":"https:\/\/www.valpineta.eu\/excursion\/"},{"@type":"ListItem","position":3,"name":"Soum de Ramond o Pico de A\u00f1isclo"}]},{"@type":"WebSite","@id":"https:\/\/www.valpineta.eu\/#website","url":"https:\/\/www.valpineta.eu\/","name":"Refugio Pineta (Valpineta)","description":"Refugio Pineta : La porte de tes r\u00eaves, oses la franchir, et tu te trouveras","publisher":{"@id":"https:\/\/www.valpineta.eu\/#organization"},"potentialAction":[{"@type":"SearchAction","target":{"@type":"EntryPoint","urlTemplate":"https:\/\/www.valpineta.eu\/?s={search_term_string}"},"query-input":{"@type":"PropertyValueSpecification","valueRequired":true,"valueName":"search_term_string"}}],"inLanguage":"fr-FR"},{"@type":"Organization","@id":"https:\/\/www.valpineta.eu\/#organization","name":"Refugio Pineta","url":"https:\/\/www.valpineta.eu\/","logo":{"@type":"ImageObject","inLanguage":"fr-FR","@id":"https:\/\/www.valpineta.eu\/#\/schema\/logo\/image\/","url":"https:\/\/www.valpineta.eu\/wp-content\/uploads\/2019\/12\/LOGO-copie-vert.jpg","contentUrl":"https:\/\/www.valpineta.eu\/wp-content\/uploads\/2019\/12\/LOGO-copie-vert.jpg","width":751,"height":216,"caption":"Refugio Pineta"},"image":{"@id":"https:\/\/www.valpineta.eu\/#\/schema\/logo\/image\/"},"sameAs":["https:\/\/www.facebook.com\/Refugio-d-Pineta-1689373461292734\/"]}]}},"_links":{"self":[{"href":"https:\/\/www.valpineta.eu\/fr\/wp-json\/wp\/v2\/excursions\/9662"}],"collection":[{"href":"https:\/\/www.valpineta.eu\/fr\/wp-json\/wp\/v2\/excursions"}],"about":[{"href":"https:\/\/www.valpineta.eu\/fr\/wp-json\/wp\/v2\/types\/excursion"}],"replies":[{"embeddable":true,"href":"https:\/\/www.valpineta.eu\/fr\/wp-json\/wp\/v2\/comments?post=9662"}],"version-history":[{"count":8,"href":"https:\/\/www.valpineta.eu\/fr\/wp-json\/wp\/v2\/excursions\/9662\/revisions"}],"predecessor-version":[{"id":15632,"href":"https:\/\/www.valpineta.eu\/fr\/wp-json\/wp\/v2\/excursions\/9662\/revisions\/15632"}],"wp:featuredmedia":[{"embeddable":true,"href":"https:\/\/www.valpineta.eu\/fr\/wp-json\/wp\/v2\/media\/2179"}],"wp:attachment":[{"href":"https:\/\/www.valpineta.eu\/fr\/wp-json\/wp\/v2\/media?parent=9662"}],"curies":[{"name":"wp","href":"https:\/\/api.w.org\/{rel}","templated":true}]}}