{"id":624,"date":"2019-07-08T23:04:35","date_gmt":"2019-07-08T21:04:35","guid":{"rendered":"http:\/\/refugio.webyc.fr:9741\/?post_type=excursion&#038;p=624"},"modified":"2023-12-17T01:02:02","modified_gmt":"2023-12-17T00:02:02","slug":"la-pradera-de-pineta","status":"publish","type":"excursion","link":"https:\/\/www.valpineta.eu\/fr\/excursion\/la-pradera-de-pineta\/","title":{"rendered":"la Pradera de Pineta"},"content":{"rendered":"\r\n<p><strong><em>Le sentier, pratiquement horizontal nous conduit au fond de la vall\u00e9e en parcourant les deux rives du Cinca.<\/em><\/strong><\/p>\r\n<p><strong><em>V\u00e9g\u00e9tation vari\u00e9e et de jolies parois o\u00f9 nous pourrons observer la Ramundia et la Grassette (carnivore).<br \/><\/em><\/strong><\/p>\r\n<h4>Refuge &#8211; Pradera par la rive droite du Cinca<\/h4>\r\n<p>Du refuge, nous traverserons la rivi\u00e8re pour prendre le GR 11 longeant la paroi sur la rive droite du Cinca. Pour cela, nous traversons le lit de la rivi\u00e8re (sec en \u00e9t\u00e9 et en hiver), en suivant de gros cairns jusqu\u2019\u00e0 entrer dans un bosquet de saules. Le chemin tourne \u00e0 gauche sur environ 300 m pour ensuite, au niveau de grands pins, tourner \u00e0 nouveau en direction de la paroi. Nous atteignons les falaises et tournons \u00e0 droite pour les longer, en laissant devant nous le sentier qui monte \u00e0 A\u00f1isclo. Nous suivons le GR-11 qui nous m\u00e8ne de mani\u00e8re agr\u00e9able vers la \u00ab Pradera \u00bb (Prairie) de Pineta, le fond de la vall\u00e9e.<\/p>\r\n<h4>Retour par la rive gauche<\/h4>\r\n<p>Le retour s&rsquo;effectue par une variante du GR-11 sur l\u2019autre rive. Au parking de la Pradera, nous passons sur le pont et prenons la route \u00e0 droite. Nous la quittons rapidement pour suivre les marques rouges et blanches. For\u00eat de pins et de h\u00eatres. Le chemin se d\u00e9t\u00e9riore un peu en traversant le ravin de Sacos. Les ondulations dans le terrain finissent par nous conduire \u00e0 un enrochement o\u00f9 le sentier se transforme en piste jusqu&rsquo;au refuge.<\/p>\r\n<p><img loading=\"lazy\" decoding=\"async\" title=\"P1080713\" src=\"https:\/\/www.valpineta.eu\/wp-content\/uploads\/2019\/07\/P1080713-e1562618716203-300x300.jpg\" alt=\"P1080713\" width=\"300\" height=\"300\" \/> <a href=\"https:\/\/www.valpineta.eu\/wp-content\/uploads\/2019\/07\/P1220908_stitch.jpg\" target=\"_self\" rel=\"noopener noreferrer\"> <img loading=\"lazy\" decoding=\"async\" title=\"P1220908_stitch\" src=\"https:\/\/www.valpineta.eu\/wp-content\/uploads\/2019\/07\/P1220908_stitch-146x300.jpg\" alt=\"P1220908_stitch\" width=\"146\" height=\"300\" \/> <\/a> <a href=\"https:\/\/www.valpineta.eu\/wp-content\/uploads\/2019\/07\/otono-6carre.jpg\" target=\"_self\" rel=\"noopener noreferrer\"> <img loading=\"lazy\" decoding=\"async\" title=\"otono (6)carre\" src=\"https:\/\/www.valpineta.eu\/wp-content\/uploads\/2019\/07\/otono-6carre-300x300.jpg\" alt=\"otono (6)carre\" width=\"300\" height=\"300\" \/> <\/a><\/p>\r\n","protected":false},"featured_media":989,"comment_status":"open","ping_status":"closed","template":"","presentation":"<p>Le sentier, pratiquement horizontal nous conduit au fond de la vall\u00e9e en parcourant les deux rives, gauche et droite, du Cinca. V\u00e9g\u00e9tation vari\u00e9e et de jolies parois apr\u00e8s la bifurcation pour le chemin du col d\u2019A\u00f1isclo.<\/p>","vallee":"Pineta\/Refugio","distance_excursion":"5.0","categorie_distance":["5km - 10km"],"duree":"1h20","categorie_duree":["Inf. 2h"],"type_parcours":[{"term_id":15,"name":"Circuit","slug":"circuit","description":"","taxonomy":"type_de_parcours","parent":[],"term_taxonomy_id":15,"term_group":0,"count":48,"id":15}],"categorie_denivele":["Inf. 400m"],"denivele_de_montee":"60","denivele_de_descente":"60","altitude_maximale":"1290","hostilite_du_milieu":"2","difficulte_technique":"2","difficulte_orientation":"2","effort_necessaire":"2","information":"","pente_de_neige":"0","rappel_necessaire":"0","passage_escalade":"0","lat":"0.000000","lon":"0.000000","track":{"ID":"15291","post_author":"2","post_date":"2023-12-17 01:01:54","post_date_gmt":"2023-12-17 00:01:54","post_content":"","post_title":"dPraderaPineta","post_excerpt":"","post_status":"inherit","comment_status":"open","ping_status":"closed","post_password":"","post_name":"dpraderapineta","to_ping":"","pinged":"","post_modified":"2023-12-17 01:02:02","post_modified_gmt":"2023-12-17 00:02:02","post_content_filtered":"","post_parent":"624","guid":"https:\/\/www.valpineta.eu\/wp-content\/uploads\/2019\/07\/dPraderaPineta.gpx","menu_order":"0","post_type":"attachment","post_mime_type":"application\/gpx+xml","comment_count":"0","translation_id":"13033","element_type":"post_attachment","element_id":"15291","trid":"94840","language_code":"fr","source_language_code":null,"id":"4","code":"fr","english_name":"French","major":"1","active":"1","default_locale":"fr_FR","tag":"fr","encode_url":"0","country":null,"pod_item_id":"15291"},"track_color":"#81d742","yoast_head":"<!-- This site is optimized with the Yoast SEO plugin v24.5 - https:\/\/yoast.com\/wordpress\/plugins\/seo\/ -->\n<title>la Pradera de Pineta - Refugio Pineta (Valpineta)<\/title>\n<meta name=\"description\" content=\"Petit circuit, pratiquement horizontal qui permet, depuis le refuge de Pineta, d\u2019atteindre le fond de la vall\u00e9e et de parcourir les versants nord et sud.\" \/>\n<meta name=\"robots\" content=\"index, follow, max-snippet:-1, max-image-preview:large, max-video-preview:-1\" \/>\n<link rel=\"canonical\" href=\"https:\/\/www.valpineta.eu\/fr\/excursion\/la-pradera-de-pineta\/\" \/>\n<meta property=\"og:locale\" content=\"fr_FR\" \/>\n<meta property=\"og:type\" content=\"article\" \/>\n<meta property=\"og:title\" content=\"la Pradera de Pineta - Refugio Pineta (Valpineta)\" \/>\n<meta property=\"og:description\" content=\"Petit circuit, pratiquement horizontal qui permet, depuis le refuge de Pineta, d\u2019atteindre le fond de la vall\u00e9e et de parcourir les versants nord et sud.\" \/>\n<meta property=\"og:url\" content=\"https:\/\/www.valpineta.eu\/fr\/excursion\/la-pradera-de-pineta\/\" \/>\n<meta property=\"og:site_name\" content=\"Refugio Pineta (Valpineta)\" \/>\n<meta property=\"article:publisher\" content=\"https:\/\/www.facebook.com\/Refugio-d-Pineta-1689373461292734\/\" \/>\n<meta property=\"article:modified_time\" content=\"2023-12-17T00:02:02+00:00\" \/>\n<meta property=\"og:image\" content=\"https:\/\/www.valpineta.eu\/wp-content\/uploads\/2019\/07\/pradera2.jpg\" \/>\n\t<meta property=\"og:image:width\" content=\"1920\" \/>\n\t<meta property=\"og:image:height\" content=\"400\" \/>\n\t<meta property=\"og:image:type\" content=\"image\/jpeg\" \/>\n<meta name=\"twitter:card\" content=\"summary_large_image\" \/>\n<meta name=\"twitter:label1\" content=\"Dur\u00e9e de lecture estim\u00e9e\" \/>\n\t<meta name=\"twitter:data1\" content=\"2 minutes\" \/>\n<script type=\"application\/ld+json\" class=\"yoast-schema-graph\">{\"@context\":\"https:\/\/schema.org\",\"@graph\":[{\"@type\":\"WebPage\",\"@id\":\"https:\/\/www.valpineta.eu\/fr\/excursion\/la-pradera-de-pineta\/\",\"url\":\"https:\/\/www.valpineta.eu\/fr\/excursion\/la-pradera-de-pineta\/\",\"name\":\"la Pradera de Pineta - Refugio Pineta (Valpineta)\",\"isPartOf\":{\"@id\":\"https:\/\/www.valpineta.eu\/#website\"},\"primaryImageOfPage\":{\"@id\":\"https:\/\/www.valpineta.eu\/fr\/excursion\/la-pradera-de-pineta\/#primaryimage\"},\"image\":{\"@id\":\"https:\/\/www.valpineta.eu\/fr\/excursion\/la-pradera-de-pineta\/#primaryimage\"},\"thumbnailUrl\":\"https:\/\/www.valpineta.eu\/wp-content\/uploads\/2019\/07\/pradera2.jpg\",\"datePublished\":\"2019-07-08T21:04:35+00:00\",\"dateModified\":\"2023-12-17T00:02:02+00:00\",\"description\":\"Petit circuit, pratiquement horizontal qui permet, depuis le refuge de Pineta, d\u2019atteindre le fond de la vall\u00e9e et de parcourir les versants nord et sud.\",\"breadcrumb\":{\"@id\":\"https:\/\/www.valpineta.eu\/fr\/excursion\/la-pradera-de-pineta\/#breadcrumb\"},\"inLanguage\":\"fr-FR\",\"potentialAction\":[{\"@type\":\"ReadAction\",\"target\":[\"https:\/\/www.valpineta.eu\/fr\/excursion\/la-pradera-de-pineta\/\"]}]},{\"@type\":\"ImageObject\",\"inLanguage\":\"fr-FR\",\"@id\":\"https:\/\/www.valpineta.eu\/fr\/excursion\/la-pradera-de-pineta\/#primaryimage\",\"url\":\"https:\/\/www.valpineta.eu\/wp-content\/uploads\/2019\/07\/pradera2.jpg\",\"contentUrl\":\"https:\/\/www.valpineta.eu\/wp-content\/uploads\/2019\/07\/pradera2.jpg\",\"width\":1920,\"height\":400},{\"@type\":\"BreadcrumbList\",\"@id\":\"https:\/\/www.valpineta.eu\/fr\/excursion\/la-pradera-de-pineta\/#breadcrumb\",\"itemListElement\":[{\"@type\":\"ListItem\",\"position\":1,\"name\":\"Accueil\",\"item\":\"https:\/\/www.valpineta.eu\/fr\/\"},{\"@type\":\"ListItem\",\"position\":2,\"name\":\"Excursions\",\"item\":\"https:\/\/www.valpineta.eu\/excursion\/\"},{\"@type\":\"ListItem\",\"position\":3,\"name\":\"la Pradera de Pineta\"}]},{\"@type\":\"WebSite\",\"@id\":\"https:\/\/www.valpineta.eu\/#website\",\"url\":\"https:\/\/www.valpineta.eu\/\",\"name\":\"Refugio Pineta (Valpineta)\",\"description\":\"Refugio Pineta : La porte de tes r\u00eaves, oses la franchir, et tu te trouveras\",\"publisher\":{\"@id\":\"https:\/\/www.valpineta.eu\/#organization\"},\"potentialAction\":[{\"@type\":\"SearchAction\",\"target\":{\"@type\":\"EntryPoint\",\"urlTemplate\":\"https:\/\/www.valpineta.eu\/?s={search_term_string}\"},\"query-input\":{\"@type\":\"PropertyValueSpecification\",\"valueRequired\":true,\"valueName\":\"search_term_string\"}}],\"inLanguage\":\"fr-FR\"},{\"@type\":\"Organization\",\"@id\":\"https:\/\/www.valpineta.eu\/#organization\",\"name\":\"Refugio Pineta\",\"url\":\"https:\/\/www.valpineta.eu\/\",\"logo\":{\"@type\":\"ImageObject\",\"inLanguage\":\"fr-FR\",\"@id\":\"https:\/\/www.valpineta.eu\/#\/schema\/logo\/image\/\",\"url\":\"https:\/\/www.valpineta.eu\/wp-content\/uploads\/2019\/12\/LOGO-copie-vert.jpg\",\"contentUrl\":\"https:\/\/www.valpineta.eu\/wp-content\/uploads\/2019\/12\/LOGO-copie-vert.jpg\",\"width\":751,\"height\":216,\"caption\":\"Refugio Pineta\"},\"image\":{\"@id\":\"https:\/\/www.valpineta.eu\/#\/schema\/logo\/image\/\"},\"sameAs\":[\"https:\/\/www.facebook.com\/Refugio-d-Pineta-1689373461292734\/\"]}]}<\/script>\n<!-- \/ Yoast SEO plugin. -->","yoast_head_json":{"title":"la Pradera de Pineta - Refugio Pineta (Valpineta)","description":"Petit circuit, pratiquement horizontal qui permet, depuis le refuge de Pineta, d\u2019atteindre le fond de la vall\u00e9e et de parcourir les versants nord et sud.","robots":{"index":"index","follow":"follow","max-snippet":"max-snippet:-1","max-image-preview":"max-image-preview:large","max-video-preview":"max-video-preview:-1"},"canonical":"https:\/\/www.valpineta.eu\/fr\/excursion\/la-pradera-de-pineta\/","og_locale":"fr_FR","og_type":"article","og_title":"la Pradera de Pineta - Refugio Pineta (Valpineta)","og_description":"Petit circuit, pratiquement horizontal qui permet, depuis le refuge de Pineta, d\u2019atteindre le fond de la vall\u00e9e et de parcourir les versants nord et sud.","og_url":"https:\/\/www.valpineta.eu\/fr\/excursion\/la-pradera-de-pineta\/","og_site_name":"Refugio Pineta (Valpineta)","article_publisher":"https:\/\/www.facebook.com\/Refugio-d-Pineta-1689373461292734\/","article_modified_time":"2023-12-17T00:02:02+00:00","og_image":[{"width":1920,"height":400,"url":"https:\/\/www.valpineta.eu\/wp-content\/uploads\/2019\/07\/pradera2.jpg","type":"image\/jpeg"}],"twitter_card":"summary_large_image","twitter_misc":{"Dur\u00e9e de lecture estim\u00e9e":"2 minutes"},"schema":{"@context":"https:\/\/schema.org","@graph":[{"@type":"WebPage","@id":"https:\/\/www.valpineta.eu\/fr\/excursion\/la-pradera-de-pineta\/","url":"https:\/\/www.valpineta.eu\/fr\/excursion\/la-pradera-de-pineta\/","name":"la Pradera de Pineta - Refugio Pineta (Valpineta)","isPartOf":{"@id":"https:\/\/www.valpineta.eu\/#website"},"primaryImageOfPage":{"@id":"https:\/\/www.valpineta.eu\/fr\/excursion\/la-pradera-de-pineta\/#primaryimage"},"image":{"@id":"https:\/\/www.valpineta.eu\/fr\/excursion\/la-pradera-de-pineta\/#primaryimage"},"thumbnailUrl":"https:\/\/www.valpineta.eu\/wp-content\/uploads\/2019\/07\/pradera2.jpg","datePublished":"2019-07-08T21:04:35+00:00","dateModified":"2023-12-17T00:02:02+00:00","description":"Petit circuit, pratiquement horizontal qui permet, depuis le refuge de Pineta, d\u2019atteindre le fond de la vall\u00e9e et de parcourir les versants nord et sud.","breadcrumb":{"@id":"https:\/\/www.valpineta.eu\/fr\/excursion\/la-pradera-de-pineta\/#breadcrumb"},"inLanguage":"fr-FR","potentialAction":[{"@type":"ReadAction","target":["https:\/\/www.valpineta.eu\/fr\/excursion\/la-pradera-de-pineta\/"]}]},{"@type":"ImageObject","inLanguage":"fr-FR","@id":"https:\/\/www.valpineta.eu\/fr\/excursion\/la-pradera-de-pineta\/#primaryimage","url":"https:\/\/www.valpineta.eu\/wp-content\/uploads\/2019\/07\/pradera2.jpg","contentUrl":"https:\/\/www.valpineta.eu\/wp-content\/uploads\/2019\/07\/pradera2.jpg","width":1920,"height":400},{"@type":"BreadcrumbList","@id":"https:\/\/www.valpineta.eu\/fr\/excursion\/la-pradera-de-pineta\/#breadcrumb","itemListElement":[{"@type":"ListItem","position":1,"name":"Accueil","item":"https:\/\/www.valpineta.eu\/fr\/"},{"@type":"ListItem","position":2,"name":"Excursions","item":"https:\/\/www.valpineta.eu\/excursion\/"},{"@type":"ListItem","position":3,"name":"la Pradera de Pineta"}]},{"@type":"WebSite","@id":"https:\/\/www.valpineta.eu\/#website","url":"https:\/\/www.valpineta.eu\/","name":"Refugio Pineta (Valpineta)","description":"Refugio Pineta : La porte de tes r\u00eaves, oses la franchir, et tu te trouveras","publisher":{"@id":"https:\/\/www.valpineta.eu\/#organization"},"potentialAction":[{"@type":"SearchAction","target":{"@type":"EntryPoint","urlTemplate":"https:\/\/www.valpineta.eu\/?s={search_term_string}"},"query-input":{"@type":"PropertyValueSpecification","valueRequired":true,"valueName":"search_term_string"}}],"inLanguage":"fr-FR"},{"@type":"Organization","@id":"https:\/\/www.valpineta.eu\/#organization","name":"Refugio Pineta","url":"https:\/\/www.valpineta.eu\/","logo":{"@type":"ImageObject","inLanguage":"fr-FR","@id":"https:\/\/www.valpineta.eu\/#\/schema\/logo\/image\/","url":"https:\/\/www.valpineta.eu\/wp-content\/uploads\/2019\/12\/LOGO-copie-vert.jpg","contentUrl":"https:\/\/www.valpineta.eu\/wp-content\/uploads\/2019\/12\/LOGO-copie-vert.jpg","width":751,"height":216,"caption":"Refugio Pineta"},"image":{"@id":"https:\/\/www.valpineta.eu\/#\/schema\/logo\/image\/"},"sameAs":["https:\/\/www.facebook.com\/Refugio-d-Pineta-1689373461292734\/"]}]}},"_links":{"self":[{"href":"https:\/\/www.valpineta.eu\/fr\/wp-json\/wp\/v2\/excursions\/624"}],"collection":[{"href":"https:\/\/www.valpineta.eu\/fr\/wp-json\/wp\/v2\/excursions"}],"about":[{"href":"https:\/\/www.valpineta.eu\/fr\/wp-json\/wp\/v2\/types\/excursion"}],"replies":[{"embeddable":true,"href":"https:\/\/www.valpineta.eu\/fr\/wp-json\/wp\/v2\/comments?post=624"}],"version-history":[{"count":22,"href":"https:\/\/www.valpineta.eu\/fr\/wp-json\/wp\/v2\/excursions\/624\/revisions"}],"predecessor-version":[{"id":7531,"href":"https:\/\/www.valpineta.eu\/fr\/wp-json\/wp\/v2\/excursions\/624\/revisions\/7531"}],"wp:featuredmedia":[{"embeddable":true,"href":"https:\/\/www.valpineta.eu\/fr\/wp-json\/wp\/v2\/media\/989"}],"wp:attachment":[{"href":"https:\/\/www.valpineta.eu\/fr\/wp-json\/wp\/v2\/media?parent=624"}],"curies":[{"name":"wp","href":"https:\/\/api.w.org\/{rel}","templated":true}]}}