{"id":16872,"date":"2020-07-30T18:47:28","date_gmt":"2020-07-30T16:47:28","guid":{"rendered":"https:\/\/www.valpineta.eu\/excursion\/portillo-de-tella\/"},"modified":"2024-07-21T11:34:34","modified_gmt":"2024-07-21T09:34:34","slug":"portillo-de-tella","status":"publish","type":"excursion","link":"https:\/\/www.valpineta.eu\/fr\/excursion\/portillo-de-tella\/","title":{"rendered":"Portillo de Tella"},"content":{"rendered":"\n\n<h4>Point de d\u00e9part<\/h4>\n<p>En venant du refuge en direction de Bielsa, peu avant le barrage, \u00e0 environ 7 km du refuge, nous trouvons sur notre droite une piste qui m\u00e8ne \u00e0 une aire de jeux, nous nous y engageons, nous passons l&rsquo;aire, traversons un pont et arrivons \u00e0 la zone du Cornato. Quelques m\u00e8tres apr\u00e8s le pont, il y a une bifurcation et nous suivons la piste sur la gauche.<\/p>\n<p>Cette piste est \u00e0 usage r\u00e9glement\u00e9 \u00e0 partir d&rsquo;une barri\u00e8re. Deux possibilit\u00e9s :<\/p>\n<ul>\n<li>Se garer et suivre la piste \u00e0 pied sur environ 1,5 km. Peu apr\u00e8s avoir pass\u00e9 un pr\u00e9 sur notre droite, nous entrons sur un joli sentier (GR-19) qui, dans une for\u00eat majestueuse et en restant sur la rive droite du ravin de Montinier, nous ram\u00e8ne \u00e0 la piste (borda Musulie). Nous la suivons pendant approximativement 500m, sur un parcours presque horizontal, jusqu&rsquo;au ravin de Montinier (1520 m).<\/li>\n<li>S&rsquo;acquitter de la redevance (<a href=\"https:\/\/entradas.bielsa.com\">https:\/\/entradas.bielsa.com<\/a>) pour emprunter cette piste qui vous m\u00e8nera au ravin de Montinier (1520 m). Cette piste n&rsquo;est pas toujours en tr\u00e8s bon \u00e9tat, il est conseill\u00e9 de disposer d&rsquo;un v\u00e9hicule \u00ab\u00a0tout terrain\u00a0\u00bb.<\/li>\n<\/ul>\n<p>En prenant la piste en voiture, nous \u00ab\u00a0gagnons\u00a0\u00bb environ 400m de d\u00e9nivel\u00e9.<\/p>\n\t<h4>Piste Montinier &#8211; Portillo de Tella<\/h4>\nNous suivons le GR19.1, balis\u00e9 en rouge et blanc, qui nous conduit \u00e0 Portillo de Tella.<br \/>\nNous passons d&rsquo;abord par la cabane de Montinier. Vue magnifique. Au sud, de belles parois sous Pe\u00f1a Altura et le Portillo de Tella. \u00c0 droite, le cirque d&rsquo;El Cabet (que nous traverserions pour suivre la vire Montinier-A\u00f1isclo), domin\u00e9 par la Pala Montinier. Et \u00e0 l&rsquo;ouest, les montagnes de Pineta.\n<p>Le refuge dispose d&rsquo;une source \u00e0 proximit\u00e9 (abreuvoir), mais elle peut s&rsquo;ass\u00e9cher et l&rsquo;on pourra trouver de l&rsquo;eau sur le replat suivant, et en laissant alors le sentier \u00e0 notre droite.<\/p>\n<p>La mont\u00e9e au Portillo n&rsquo;est pas difficile. Le sentier reste dans le fond de la vall\u00e9e jusqu&rsquo;\u00e0 tourner \u00e0 droite, un peu avant le Portillo et l&rsquo;atteindre en deux diagonales.<\/p>\n\t\t\t<a href=\"https:\/\/www.valpineta.eu\/excursion\/faja-montinier-anisclo\/\" target=\"_blank\" role=\"button\" rel=\"noopener\">\n\t\t\t\t\t\t\tFaja Montinier &#8211; A\u00f1isclo\n\t\t\t\t\t<\/a>\n\t\t\t<a href=\"https:\/\/www.valpineta.eu\/excursion\/las-crestas-montinier-suca\/\" target=\"_blank\" role=\"button\" rel=\"noopener\">\n\t\t\t\t\t\t\tCresta Montinier &#8211; Suca\n\t\t\t\t\t<\/a>\n\n","protected":false},"featured_media":16874,"comment_status":"open","ping_status":"closed","template":"","presentation":"","vallee":"Pineta\/Embalse","distance_excursion":"11.3","categorie_distance":["10km - 15km"],"duree":"5h30","categorie_duree":["4h - 6h"],"type_parcours":[{"term_id":14,"name":"Aller\/retour","slug":"aller-retour","description":"","taxonomy":"type_de_parcours","parent":[],"term_taxonomy_id":14,"term_group":0,"count":30,"id":14}],"categorie_denivele":["800m - 1200m"],"denivele_de_montee":"920","denivele_de_descente":"920","altitude_maximale":"2062","hostilite_du_milieu":"1","difficulte_technique":"2","difficulte_orientation":"1","effort_necessaire":"3","information":"","pente_de_neige":[],"rappel_necessaire":[],"passage_escalade":[],"lat":"0.000000","lon":"0.000000","track":{"ID":"15318","post_author":"2","post_date":"2023-12-17 01:20:19","post_date_gmt":"2023-12-17 00:20:19","post_content":"","post_title":"dPortillodeTella","post_excerpt":"","post_status":"inherit","comment_status":"open","ping_status":"closed","post_password":"","post_name":"dportillodetella-2","to_ping":"","pinged":"","post_modified":"2024-07-21 11:33:34","post_modified_gmt":"2024-07-21 09:33:34","post_content_filtered":"","post_parent":"16872","guid":"https:\/\/www.valpineta.eu\/wp-content\/uploads\/2020\/07\/dPortillodeTella.gpx","menu_order":"0","post_type":"attachment","post_mime_type":"application\/gpx+xml","comment_count":"0","translation_id":"13049","element_type":"post_attachment","element_id":"15318","trid":"94847","language_code":"fr","source_language_code":"es","id":"4","code":"fr","english_name":"French","major":"1","active":"1","default_locale":"fr_FR","tag":"fr","encode_url":"0","country":null,"pod_item_id":"15318"},"track_color":"#1e73be","yoast_head":"<!-- This site is optimized with the Yoast SEO plugin v24.5 - https:\/\/yoast.com\/wordpress\/plugins\/seo\/ -->\n<title>Portillo de Tella - Refugio Pineta (Valpineta)<\/title>\n<meta name=\"robots\" content=\"index, follow, max-snippet:-1, max-image-preview:large, max-video-preview:-1\" \/>\n<link rel=\"canonical\" href=\"https:\/\/www.valpineta.eu\/fr\/excursion\/portillo-de-tella\/\" \/>\n<meta property=\"og:locale\" content=\"fr_FR\" \/>\n<meta property=\"og:type\" content=\"article\" \/>\n<meta property=\"og:title\" content=\"Portillo de Tella - Refugio Pineta (Valpineta)\" \/>\n<meta property=\"og:description\" content=\"Point de d\u00e9part En venant du refuge en direction de Bielsa, peu avant le barrage, \u00e0 environ 7 km du refuge, nous trouvons sur notre droite une piste qui m\u00e8ne \u00e0 une aire de jeux, nous nous y engageons, nous passons l&rsquo;aire, traversons un pont et arrivons \u00e0 la zone du Cornato. Quelques m\u00e8tres apr\u00e8s&hellip;\" \/>\n<meta property=\"og:url\" content=\"https:\/\/www.valpineta.eu\/fr\/excursion\/portillo-de-tella\/\" \/>\n<meta property=\"og:site_name\" content=\"Refugio Pineta (Valpineta)\" \/>\n<meta property=\"article:publisher\" content=\"https:\/\/www.facebook.com\/Refugio-d-Pineta-1689373461292734\/\" \/>\n<meta property=\"article:modified_time\" content=\"2024-07-21T09:34:34+00:00\" \/>\n<meta property=\"og:image\" content=\"https:\/\/www.valpineta.eu\/wp-content\/uploads\/2020\/07\/tella2-copie.jpg\" \/>\n\t<meta property=\"og:image:width\" content=\"1920\" \/>\n\t<meta property=\"og:image:height\" content=\"400\" \/>\n\t<meta property=\"og:image:type\" content=\"image\/jpeg\" \/>\n<meta name=\"twitter:card\" content=\"summary_large_image\" \/>\n<meta name=\"twitter:label1\" content=\"Dur\u00e9e de lecture estim\u00e9e\" \/>\n\t<meta name=\"twitter:data1\" content=\"3 minutes\" \/>\n<script type=\"application\/ld+json\" class=\"yoast-schema-graph\">{\"@context\":\"https:\/\/schema.org\",\"@graph\":[{\"@type\":\"WebPage\",\"@id\":\"https:\/\/www.valpineta.eu\/fr\/excursion\/portillo-de-tella\/\",\"url\":\"https:\/\/www.valpineta.eu\/fr\/excursion\/portillo-de-tella\/\",\"name\":\"Portillo de Tella - Refugio Pineta (Valpineta)\",\"isPartOf\":{\"@id\":\"https:\/\/www.valpineta.eu\/#website\"},\"primaryImageOfPage\":{\"@id\":\"https:\/\/www.valpineta.eu\/fr\/excursion\/portillo-de-tella\/#primaryimage\"},\"image\":{\"@id\":\"https:\/\/www.valpineta.eu\/fr\/excursion\/portillo-de-tella\/#primaryimage\"},\"thumbnailUrl\":\"https:\/\/www.valpineta.eu\/wp-content\/uploads\/2020\/07\/tella2-copie.jpg\",\"datePublished\":\"2020-07-30T16:47:28+00:00\",\"dateModified\":\"2024-07-21T09:34:34+00:00\",\"breadcrumb\":{\"@id\":\"https:\/\/www.valpineta.eu\/fr\/excursion\/portillo-de-tella\/#breadcrumb\"},\"inLanguage\":\"fr-FR\",\"potentialAction\":[{\"@type\":\"ReadAction\",\"target\":[\"https:\/\/www.valpineta.eu\/fr\/excursion\/portillo-de-tella\/\"]}]},{\"@type\":\"ImageObject\",\"inLanguage\":\"fr-FR\",\"@id\":\"https:\/\/www.valpineta.eu\/fr\/excursion\/portillo-de-tella\/#primaryimage\",\"url\":\"https:\/\/www.valpineta.eu\/wp-content\/uploads\/2020\/07\/tella2-copie.jpg\",\"contentUrl\":\"https:\/\/www.valpineta.eu\/wp-content\/uploads\/2020\/07\/tella2-copie.jpg\",\"width\":1920,\"height\":400},{\"@type\":\"BreadcrumbList\",\"@id\":\"https:\/\/www.valpineta.eu\/fr\/excursion\/portillo-de-tella\/#breadcrumb\",\"itemListElement\":[{\"@type\":\"ListItem\",\"position\":1,\"name\":\"Accueil\",\"item\":\"https:\/\/www.valpineta.eu\/fr\/\"},{\"@type\":\"ListItem\",\"position\":2,\"name\":\"Excursions\",\"item\":\"https:\/\/www.valpineta.eu\/excursion\/\"},{\"@type\":\"ListItem\",\"position\":3,\"name\":\"Portillo de Tella\"}]},{\"@type\":\"WebSite\",\"@id\":\"https:\/\/www.valpineta.eu\/#website\",\"url\":\"https:\/\/www.valpineta.eu\/\",\"name\":\"Refugio Pineta (Valpineta)\",\"description\":\"Refugio Pineta : La porte de tes r\u00eaves, oses la franchir, et tu te trouveras\",\"publisher\":{\"@id\":\"https:\/\/www.valpineta.eu\/#organization\"},\"potentialAction\":[{\"@type\":\"SearchAction\",\"target\":{\"@type\":\"EntryPoint\",\"urlTemplate\":\"https:\/\/www.valpineta.eu\/?s={search_term_string}\"},\"query-input\":{\"@type\":\"PropertyValueSpecification\",\"valueRequired\":true,\"valueName\":\"search_term_string\"}}],\"inLanguage\":\"fr-FR\"},{\"@type\":\"Organization\",\"@id\":\"https:\/\/www.valpineta.eu\/#organization\",\"name\":\"Refugio Pineta\",\"url\":\"https:\/\/www.valpineta.eu\/\",\"logo\":{\"@type\":\"ImageObject\",\"inLanguage\":\"fr-FR\",\"@id\":\"https:\/\/www.valpineta.eu\/#\/schema\/logo\/image\/\",\"url\":\"https:\/\/www.valpineta.eu\/wp-content\/uploads\/2019\/12\/LOGO-copie-vert.jpg\",\"contentUrl\":\"https:\/\/www.valpineta.eu\/wp-content\/uploads\/2019\/12\/LOGO-copie-vert.jpg\",\"width\":751,\"height\":216,\"caption\":\"Refugio Pineta\"},\"image\":{\"@id\":\"https:\/\/www.valpineta.eu\/#\/schema\/logo\/image\/\"},\"sameAs\":[\"https:\/\/www.facebook.com\/Refugio-d-Pineta-1689373461292734\/\"]}]}<\/script>\n<!-- \/ Yoast SEO plugin. -->","yoast_head_json":{"title":"Portillo de Tella - Refugio Pineta (Valpineta)","robots":{"index":"index","follow":"follow","max-snippet":"max-snippet:-1","max-image-preview":"max-image-preview:large","max-video-preview":"max-video-preview:-1"},"canonical":"https:\/\/www.valpineta.eu\/fr\/excursion\/portillo-de-tella\/","og_locale":"fr_FR","og_type":"article","og_title":"Portillo de Tella - Refugio Pineta (Valpineta)","og_description":"Point de d\u00e9part En venant du refuge en direction de Bielsa, peu avant le barrage, \u00e0 environ 7 km du refuge, nous trouvons sur notre droite une piste qui m\u00e8ne \u00e0 une aire de jeux, nous nous y engageons, nous passons l&rsquo;aire, traversons un pont et arrivons \u00e0 la zone du Cornato. Quelques m\u00e8tres apr\u00e8s&hellip;","og_url":"https:\/\/www.valpineta.eu\/fr\/excursion\/portillo-de-tella\/","og_site_name":"Refugio Pineta (Valpineta)","article_publisher":"https:\/\/www.facebook.com\/Refugio-d-Pineta-1689373461292734\/","article_modified_time":"2024-07-21T09:34:34+00:00","og_image":[{"width":1920,"height":400,"url":"https:\/\/www.valpineta.eu\/wp-content\/uploads\/2020\/07\/tella2-copie.jpg","type":"image\/jpeg"}],"twitter_card":"summary_large_image","twitter_misc":{"Dur\u00e9e de lecture estim\u00e9e":"3 minutes"},"schema":{"@context":"https:\/\/schema.org","@graph":[{"@type":"WebPage","@id":"https:\/\/www.valpineta.eu\/fr\/excursion\/portillo-de-tella\/","url":"https:\/\/www.valpineta.eu\/fr\/excursion\/portillo-de-tella\/","name":"Portillo de Tella - Refugio Pineta (Valpineta)","isPartOf":{"@id":"https:\/\/www.valpineta.eu\/#website"},"primaryImageOfPage":{"@id":"https:\/\/www.valpineta.eu\/fr\/excursion\/portillo-de-tella\/#primaryimage"},"image":{"@id":"https:\/\/www.valpineta.eu\/fr\/excursion\/portillo-de-tella\/#primaryimage"},"thumbnailUrl":"https:\/\/www.valpineta.eu\/wp-content\/uploads\/2020\/07\/tella2-copie.jpg","datePublished":"2020-07-30T16:47:28+00:00","dateModified":"2024-07-21T09:34:34+00:00","breadcrumb":{"@id":"https:\/\/www.valpineta.eu\/fr\/excursion\/portillo-de-tella\/#breadcrumb"},"inLanguage":"fr-FR","potentialAction":[{"@type":"ReadAction","target":["https:\/\/www.valpineta.eu\/fr\/excursion\/portillo-de-tella\/"]}]},{"@type":"ImageObject","inLanguage":"fr-FR","@id":"https:\/\/www.valpineta.eu\/fr\/excursion\/portillo-de-tella\/#primaryimage","url":"https:\/\/www.valpineta.eu\/wp-content\/uploads\/2020\/07\/tella2-copie.jpg","contentUrl":"https:\/\/www.valpineta.eu\/wp-content\/uploads\/2020\/07\/tella2-copie.jpg","width":1920,"height":400},{"@type":"BreadcrumbList","@id":"https:\/\/www.valpineta.eu\/fr\/excursion\/portillo-de-tella\/#breadcrumb","itemListElement":[{"@type":"ListItem","position":1,"name":"Accueil","item":"https:\/\/www.valpineta.eu\/fr\/"},{"@type":"ListItem","position":2,"name":"Excursions","item":"https:\/\/www.valpineta.eu\/excursion\/"},{"@type":"ListItem","position":3,"name":"Portillo de Tella"}]},{"@type":"WebSite","@id":"https:\/\/www.valpineta.eu\/#website","url":"https:\/\/www.valpineta.eu\/","name":"Refugio Pineta (Valpineta)","description":"Refugio Pineta : La porte de tes r\u00eaves, oses la franchir, et tu te trouveras","publisher":{"@id":"https:\/\/www.valpineta.eu\/#organization"},"potentialAction":[{"@type":"SearchAction","target":{"@type":"EntryPoint","urlTemplate":"https:\/\/www.valpineta.eu\/?s={search_term_string}"},"query-input":{"@type":"PropertyValueSpecification","valueRequired":true,"valueName":"search_term_string"}}],"inLanguage":"fr-FR"},{"@type":"Organization","@id":"https:\/\/www.valpineta.eu\/#organization","name":"Refugio Pineta","url":"https:\/\/www.valpineta.eu\/","logo":{"@type":"ImageObject","inLanguage":"fr-FR","@id":"https:\/\/www.valpineta.eu\/#\/schema\/logo\/image\/","url":"https:\/\/www.valpineta.eu\/wp-content\/uploads\/2019\/12\/LOGO-copie-vert.jpg","contentUrl":"https:\/\/www.valpineta.eu\/wp-content\/uploads\/2019\/12\/LOGO-copie-vert.jpg","width":751,"height":216,"caption":"Refugio Pineta"},"image":{"@id":"https:\/\/www.valpineta.eu\/#\/schema\/logo\/image\/"},"sameAs":["https:\/\/www.facebook.com\/Refugio-d-Pineta-1689373461292734\/"]}]}},"_links":{"self":[{"href":"https:\/\/www.valpineta.eu\/fr\/wp-json\/wp\/v2\/excursions\/16872"}],"collection":[{"href":"https:\/\/www.valpineta.eu\/fr\/wp-json\/wp\/v2\/excursions"}],"about":[{"href":"https:\/\/www.valpineta.eu\/fr\/wp-json\/wp\/v2\/types\/excursion"}],"replies":[{"embeddable":true,"href":"https:\/\/www.valpineta.eu\/fr\/wp-json\/wp\/v2\/comments?post=16872"}],"version-history":[{"count":4,"href":"https:\/\/www.valpineta.eu\/fr\/wp-json\/wp\/v2\/excursions\/16872\/revisions"}],"predecessor-version":[{"id":16881,"href":"https:\/\/www.valpineta.eu\/fr\/wp-json\/wp\/v2\/excursions\/16872\/revisions\/16881"}],"wp:featuredmedia":[{"embeddable":true,"href":"https:\/\/www.valpineta.eu\/fr\/wp-json\/wp\/v2\/media\/16874"}],"wp:attachment":[{"href":"https:\/\/www.valpineta.eu\/fr\/wp-json\/wp\/v2\/media?parent=16872"}],"curies":[{"name":"wp","href":"https:\/\/api.w.org\/{rel}","templated":true}]}}