{"id":15633,"date":"2023-05-16T22:03:18","date_gmt":"2023-05-16T20:03:18","guid":{"rendered":"https:\/\/www.valpineta.eu\/excursion\/chinipro-en-circuito-desde-la-pradera\/"},"modified":"2024-01-17T23:51:59","modified_gmt":"2024-01-17T22:51:59","slug":"chinipro-en-circuito-desde-la-pradera","status":"publish","type":"excursion","link":"https:\/\/www.valpineta.eu\/fr\/excursion\/chinipro-en-circuito-desde-la-pradera\/","title":{"rendered":"Chinipro en circuit depuis \u00ab\u00a0la pradera\u00a0\u00bb"},"content":{"rendered":"\r\n<h4>Pradera- La Larri sur le GR11<\/h4>\r\n<p>Depuis le parking, nous restons sur la rive gauche du Cinca et nous nous dirigeons vers le Parador. Juste avant la petite chapelle de la Ermita, nous tournons \u00e0 droite en suivant le GR11, rouge et blanc. Le sentier monte r\u00e9guli\u00e8rement dans la for\u00eat jusqu&rsquo;\u00e0 atteindre la piste de Larri. La traverser \u00e0 trois reprises avant de la rejoindre une derni\u00e8re fois et de la suivre pour entrer sur le plateau de la Larri.<\/p>\r\n<h4>Plateau de Larri &#8211; Cabane de la Estiva<\/h4>\r\n<p>Sur le plateau, nous quittons le large sentier qui continue vers le fond du cirque pour tourner \u00e0 droite, en longeant la petite cabane de la Larri, et nous nous dirigeons vers le ravin de la Ribereta.<br \/>Quelques lacets et nous entrons dans une diagonale en direction nord-est, jusqu&rsquo;au ravin suivant (Opacas). Le sentier reprend de la hauteur en quelques lacets dans la for\u00eat, jusqu&rsquo;\u00e0 changer de direction, revenir vers la Ribereta (isards !) et sortir du bois.<br \/>Nous remontons un peu et entrons sur les hauteurs de la Estiva. De magnifiques p\u00e2turages avec des vues exceptionnelles.<\/p>\r\n<p>Nous suivons maintenant le GR en direction du sud-est pendant un petit kilom\u00e8tre jusqu&rsquo;\u00e0 la piste qui vient d&rsquo;Espierba. Nous quittons alors le GR et tournons \u00e0 gauche sur le chemin qui nous m\u00e8ne \u00e0 la cabane de la Estiva, r\u00e9cemment r\u00e9nov\u00e9e (2022 &#8211; <a href=\"https:\/\/www.instagram.com\/refugioslibresdignos\">https:\/\/www.instagram.com\/refugioslibresdignos<\/a>)<\/p>\r\n<h4>Cabane La Estiva &#8211; Chinipro (Punta la Larri)<\/h4>\r\n<p>Depuis la cabane de la Estiva, nous continuons tout droit en direction du pic des G\u00fcertos. Nous trouvons les traces d&rsquo;un ancien sentier et atteignons le versant sud-est qui descend du pic.<br \/>Une fois sur la cr\u00eate, nous pouvons grimper jusqu&rsquo;au pic de Los G\u00fcertos ou le contourner et sortir au col qui rejoint le Chinipro. \u00c0 partir de ce col, nous restons sur le versant de la Larri pour continuer \u00e0 monter jusqu&rsquo;\u00e0 d\u00e9boucher sur l&rsquo;ar\u00eate. Nous la suivons en restant toujours au sud en cas de difficult\u00e9s. Cette cr\u00eate nous conduit \u00e0 la premi\u00e8re pointe (Punta de la Larri). Vue magnifique sur la plaine de Larri, ses m\u00e9andres et sur le massif du Monte Perdido.<\/p>\r\n<h4>Punta Chinipro et Punta de las Puertas<\/h4>\r\n<p>La cr\u00eate s&rsquo;oriente maintenant vers l&rsquo;est, pour atteindre en quelques m\u00e8tres le point culminant, la Punta Chinipro. Devant nous, les Blancas de la Larri, les lacs du Munia et la Munia elle-m\u00eame. Nous descendons jusqu&rsquo;\u00e0 un large col et remontons jusqu&rsquo;\u00e0 la troisi\u00e8me pointe, la Punta de las Puertas. Gardienne du col du m\u00eame nom avec la Robi\u00f1era.<\/p>\r\n<h4>Descente<\/h4>\r\n<p>Pour descendre aux lacs Munia, il faut prendre une petite br\u00e8che, \u00e0 proximit\u00e9 de la Punta de las Puertas, en revenant vers la Punta Chinipro. Nous suivons alors, vers le nord-ouest, un petit couloir assez \u00e9vident. Nous continuons dans cette direction jusqu&rsquo;\u00e0 une altitude d&rsquo;environ 2600 m, o\u00f9 nous prenons la d\u00e9cision, soit d&rsquo;aller visiter les lacs, soit de continuer tout droit pour entamer la descente vers la Larri.<br \/>Depuis les lacs, pour descendre, nous restons sur la rive gauche du ruisseau de Larri. Un terrain pierreux est progressivement remplac\u00e9 par des p\u00e2turages. La pente est douce jusqu&rsquo;\u00e0 une altitude d&rsquo;approximativement 2100 m, le sentier et s&rsquo;oriente vers le sud et devient vertigineux avec le plateau de la Larri \u00e0 nos pieds.\u00a0 600 m Quelques 600m de d\u00e9nivel\u00e9 sans difficult\u00e9 technique, mais exigeants (ancien GR-11). Nous entrons sur le plateau, \u00e0 proximit\u00e9 de la cascade au fond et du ruisseau Prebon. Nous traversons maintenant le plateau jusqu&rsquo;\u00e0 retrouver le GR-11 ou toute autre variante pour revenir au parking. <img loading=\"lazy\" decoding=\"async\" title=\"Chiniprocircuitopradera\" src=\"https:\/\/www.valpineta.eu\/wp-content\/uploads\/2023\/05\/Chiniprocircuitopradera.png\" alt=\"Chiniprocircuitopradera\" width=\"432\" height=\"288\" \/> <a role=\"button\" href=\"https:\/\/www.valpineta.eu\/excursion\/chinipro-lagos-de-la-munia-circular\/\" target=\"_blank\" rel=\"noopener\"> Chinipro &#8211; Circular desde el refugio <\/a> <a role=\"button\" href=\"https:\/\/www.valpineta.eu\/excursion\/chinipro\/\" target=\"_blank\" rel=\"noopener\"> Chinipro &#8211; Ida y vuelta desde el refugio <\/a><\/p>\r\n","protected":false},"featured_media":15634,"comment_status":"open","ping_status":"closed","template":"","presentation":"","vallee":"Pineta\/Pradera","distance_excursion":"14.5","categorie_distance":["10km - 15km"],"duree":"8h15","categorie_duree":["6h - 8h"],"type_parcours":[{"term_id":15,"name":"Circuit","slug":"circuit","description":"","taxonomy":"type_de_parcours","parent":[],"term_taxonomy_id":15,"term_group":0,"count":48,"id":15}],"categorie_denivele":["1200m - 1600m"],"denivele_de_montee":"1500","denivele_de_descente":"1500","altitude_maximale":"2795","hostilite_du_milieu":"2","difficulte_technique":"3","difficulte_orientation":"3","effort_necessaire":"4","information":"","pente_de_neige":[],"rappel_necessaire":[],"passage_escalade":[],"lat":"0.000000","lon":"0.000000","track":{"ID":"15640","post_author":"2","post_date":"2024-01-17 23:51:46","post_date_gmt":"2024-01-17 22:51:46","post_content":"","post_title":"dChiniprocircuitopradera","post_excerpt":"","post_status":"inherit","comment_status":"open","ping_status":"closed","post_password":"","post_name":"dchiniprocircuitopradera","to_ping":"","pinged":"","post_modified":"2024-01-17 23:52:00","post_modified_gmt":"2024-01-17 22:52:00","post_content_filtered":"","post_parent":"15633","guid":"https:\/\/www.valpineta.eu\/wp-content\/uploads\/2023\/05\/dChiniprocircuitopradera-1.gpx","menu_order":"0","post_type":"attachment","post_mime_type":"application\/gpx+xml","comment_count":"0","translation_id":"13234","element_type":"post_attachment","element_id":"15640","trid":"94925","language_code":"fr","source_language_code":null,"id":"4","code":"fr","english_name":"French","major":"1","active":"1","default_locale":"fr_FR","tag":"fr","encode_url":"0","country":null,"pod_item_id":"15640"},"track_color":"#dd3333","yoast_head":"<!-- This site is optimized with the Yoast SEO plugin v24.5 - https:\/\/yoast.com\/wordpress\/plugins\/seo\/ -->\n<title>Chinipro en circuit depuis &quot;la pradera&quot; - Refugio Pineta (Valpineta)<\/title>\n<meta name=\"robots\" content=\"index, follow, max-snippet:-1, max-image-preview:large, max-video-preview:-1\" \/>\n<link rel=\"canonical\" href=\"https:\/\/www.valpineta.eu\/fr\/excursion\/chinipro-en-circuito-desde-la-pradera\/\" \/>\n<meta property=\"og:locale\" content=\"fr_FR\" \/>\n<meta property=\"og:type\" content=\"article\" \/>\n<meta property=\"og:title\" content=\"Chinipro en circuit depuis &quot;la pradera&quot; - Refugio Pineta (Valpineta)\" \/>\n<meta property=\"og:description\" content=\"Pradera- La Larri sur le GR11 Depuis le parking, nous restons sur la rive gauche du Cinca et nous nous dirigeons vers le Parador. Juste avant la petite chapelle de la Ermita, nous tournons \u00e0 droite en suivant le GR11, rouge et blanc. Le sentier monte r\u00e9guli\u00e8rement dans la for\u00eat jusqu&rsquo;\u00e0 atteindre la piste de&hellip;\" \/>\n<meta property=\"og:url\" content=\"https:\/\/www.valpineta.eu\/fr\/excursion\/chinipro-en-circuito-desde-la-pradera\/\" \/>\n<meta property=\"og:site_name\" content=\"Refugio Pineta (Valpineta)\" \/>\n<meta property=\"article:publisher\" content=\"https:\/\/www.facebook.com\/Refugio-d-Pineta-1689373461292734\/\" \/>\n<meta property=\"article:modified_time\" content=\"2024-01-17T22:51:59+00:00\" \/>\n<meta property=\"og:image\" content=\"https:\/\/www.valpineta.eu\/wp-content\/uploads\/2023\/05\/chinipro.jpg\" \/>\n\t<meta property=\"og:image:width\" content=\"1920\" \/>\n\t<meta property=\"og:image:height\" content=\"400\" \/>\n\t<meta property=\"og:image:type\" content=\"image\/jpeg\" \/>\n<meta name=\"twitter:card\" content=\"summary_large_image\" \/>\n<meta name=\"twitter:label1\" content=\"Dur\u00e9e de lecture estim\u00e9e\" \/>\n\t<meta name=\"twitter:data1\" content=\"4 minutes\" \/>\n<script type=\"application\/ld+json\" class=\"yoast-schema-graph\">{\"@context\":\"https:\/\/schema.org\",\"@graph\":[{\"@type\":\"WebPage\",\"@id\":\"https:\/\/www.valpineta.eu\/fr\/excursion\/chinipro-en-circuito-desde-la-pradera\/\",\"url\":\"https:\/\/www.valpineta.eu\/fr\/excursion\/chinipro-en-circuito-desde-la-pradera\/\",\"name\":\"Chinipro en circuit depuis \\\"la pradera\\\" - Refugio Pineta (Valpineta)\",\"isPartOf\":{\"@id\":\"https:\/\/www.valpineta.eu\/#website\"},\"primaryImageOfPage\":{\"@id\":\"https:\/\/www.valpineta.eu\/fr\/excursion\/chinipro-en-circuito-desde-la-pradera\/#primaryimage\"},\"image\":{\"@id\":\"https:\/\/www.valpineta.eu\/fr\/excursion\/chinipro-en-circuito-desde-la-pradera\/#primaryimage\"},\"thumbnailUrl\":\"https:\/\/www.valpineta.eu\/wp-content\/uploads\/2023\/05\/chinipro.jpg\",\"datePublished\":\"2023-05-16T20:03:18+00:00\",\"dateModified\":\"2024-01-17T22:51:59+00:00\",\"breadcrumb\":{\"@id\":\"https:\/\/www.valpineta.eu\/fr\/excursion\/chinipro-en-circuito-desde-la-pradera\/#breadcrumb\"},\"inLanguage\":\"fr-FR\",\"potentialAction\":[{\"@type\":\"ReadAction\",\"target\":[\"https:\/\/www.valpineta.eu\/fr\/excursion\/chinipro-en-circuito-desde-la-pradera\/\"]}]},{\"@type\":\"ImageObject\",\"inLanguage\":\"fr-FR\",\"@id\":\"https:\/\/www.valpineta.eu\/fr\/excursion\/chinipro-en-circuito-desde-la-pradera\/#primaryimage\",\"url\":\"https:\/\/www.valpineta.eu\/wp-content\/uploads\/2023\/05\/chinipro.jpg\",\"contentUrl\":\"https:\/\/www.valpineta.eu\/wp-content\/uploads\/2023\/05\/chinipro.jpg\",\"width\":1920,\"height\":400},{\"@type\":\"BreadcrumbList\",\"@id\":\"https:\/\/www.valpineta.eu\/fr\/excursion\/chinipro-en-circuito-desde-la-pradera\/#breadcrumb\",\"itemListElement\":[{\"@type\":\"ListItem\",\"position\":1,\"name\":\"Accueil\",\"item\":\"https:\/\/www.valpineta.eu\/fr\/\"},{\"@type\":\"ListItem\",\"position\":2,\"name\":\"Excursions\",\"item\":\"https:\/\/www.valpineta.eu\/excursion\/\"},{\"@type\":\"ListItem\",\"position\":3,\"name\":\"Chinipro en circuit depuis \u00abla pradera\u00bb\"}]},{\"@type\":\"WebSite\",\"@id\":\"https:\/\/www.valpineta.eu\/#website\",\"url\":\"https:\/\/www.valpineta.eu\/\",\"name\":\"Refugio Pineta (Valpineta)\",\"description\":\"Refugio Pineta : La porte de tes r\u00eaves, oses la franchir, et tu te trouveras\",\"publisher\":{\"@id\":\"https:\/\/www.valpineta.eu\/#organization\"},\"potentialAction\":[{\"@type\":\"SearchAction\",\"target\":{\"@type\":\"EntryPoint\",\"urlTemplate\":\"https:\/\/www.valpineta.eu\/?s={search_term_string}\"},\"query-input\":{\"@type\":\"PropertyValueSpecification\",\"valueRequired\":true,\"valueName\":\"search_term_string\"}}],\"inLanguage\":\"fr-FR\"},{\"@type\":\"Organization\",\"@id\":\"https:\/\/www.valpineta.eu\/#organization\",\"name\":\"Refugio Pineta\",\"url\":\"https:\/\/www.valpineta.eu\/\",\"logo\":{\"@type\":\"ImageObject\",\"inLanguage\":\"fr-FR\",\"@id\":\"https:\/\/www.valpineta.eu\/#\/schema\/logo\/image\/\",\"url\":\"https:\/\/www.valpineta.eu\/wp-content\/uploads\/2019\/12\/LOGO-copie-vert.jpg\",\"contentUrl\":\"https:\/\/www.valpineta.eu\/wp-content\/uploads\/2019\/12\/LOGO-copie-vert.jpg\",\"width\":751,\"height\":216,\"caption\":\"Refugio Pineta\"},\"image\":{\"@id\":\"https:\/\/www.valpineta.eu\/#\/schema\/logo\/image\/\"},\"sameAs\":[\"https:\/\/www.facebook.com\/Refugio-d-Pineta-1689373461292734\/\"]}]}<\/script>\n<!-- \/ Yoast SEO plugin. -->","yoast_head_json":{"title":"Chinipro en circuit depuis \"la pradera\" - Refugio Pineta (Valpineta)","robots":{"index":"index","follow":"follow","max-snippet":"max-snippet:-1","max-image-preview":"max-image-preview:large","max-video-preview":"max-video-preview:-1"},"canonical":"https:\/\/www.valpineta.eu\/fr\/excursion\/chinipro-en-circuito-desde-la-pradera\/","og_locale":"fr_FR","og_type":"article","og_title":"Chinipro en circuit depuis \"la pradera\" - Refugio Pineta (Valpineta)","og_description":"Pradera- La Larri sur le GR11 Depuis le parking, nous restons sur la rive gauche du Cinca et nous nous dirigeons vers le Parador. Juste avant la petite chapelle de la Ermita, nous tournons \u00e0 droite en suivant le GR11, rouge et blanc. Le sentier monte r\u00e9guli\u00e8rement dans la for\u00eat jusqu&rsquo;\u00e0 atteindre la piste de&hellip;","og_url":"https:\/\/www.valpineta.eu\/fr\/excursion\/chinipro-en-circuito-desde-la-pradera\/","og_site_name":"Refugio Pineta (Valpineta)","article_publisher":"https:\/\/www.facebook.com\/Refugio-d-Pineta-1689373461292734\/","article_modified_time":"2024-01-17T22:51:59+00:00","og_image":[{"width":1920,"height":400,"url":"https:\/\/www.valpineta.eu\/wp-content\/uploads\/2023\/05\/chinipro.jpg","type":"image\/jpeg"}],"twitter_card":"summary_large_image","twitter_misc":{"Dur\u00e9e de lecture estim\u00e9e":"4 minutes"},"schema":{"@context":"https:\/\/schema.org","@graph":[{"@type":"WebPage","@id":"https:\/\/www.valpineta.eu\/fr\/excursion\/chinipro-en-circuito-desde-la-pradera\/","url":"https:\/\/www.valpineta.eu\/fr\/excursion\/chinipro-en-circuito-desde-la-pradera\/","name":"Chinipro en circuit depuis \"la pradera\" - Refugio Pineta (Valpineta)","isPartOf":{"@id":"https:\/\/www.valpineta.eu\/#website"},"primaryImageOfPage":{"@id":"https:\/\/www.valpineta.eu\/fr\/excursion\/chinipro-en-circuito-desde-la-pradera\/#primaryimage"},"image":{"@id":"https:\/\/www.valpineta.eu\/fr\/excursion\/chinipro-en-circuito-desde-la-pradera\/#primaryimage"},"thumbnailUrl":"https:\/\/www.valpineta.eu\/wp-content\/uploads\/2023\/05\/chinipro.jpg","datePublished":"2023-05-16T20:03:18+00:00","dateModified":"2024-01-17T22:51:59+00:00","breadcrumb":{"@id":"https:\/\/www.valpineta.eu\/fr\/excursion\/chinipro-en-circuito-desde-la-pradera\/#breadcrumb"},"inLanguage":"fr-FR","potentialAction":[{"@type":"ReadAction","target":["https:\/\/www.valpineta.eu\/fr\/excursion\/chinipro-en-circuito-desde-la-pradera\/"]}]},{"@type":"ImageObject","inLanguage":"fr-FR","@id":"https:\/\/www.valpineta.eu\/fr\/excursion\/chinipro-en-circuito-desde-la-pradera\/#primaryimage","url":"https:\/\/www.valpineta.eu\/wp-content\/uploads\/2023\/05\/chinipro.jpg","contentUrl":"https:\/\/www.valpineta.eu\/wp-content\/uploads\/2023\/05\/chinipro.jpg","width":1920,"height":400},{"@type":"BreadcrumbList","@id":"https:\/\/www.valpineta.eu\/fr\/excursion\/chinipro-en-circuito-desde-la-pradera\/#breadcrumb","itemListElement":[{"@type":"ListItem","position":1,"name":"Accueil","item":"https:\/\/www.valpineta.eu\/fr\/"},{"@type":"ListItem","position":2,"name":"Excursions","item":"https:\/\/www.valpineta.eu\/excursion\/"},{"@type":"ListItem","position":3,"name":"Chinipro en circuit depuis \u00abla pradera\u00bb"}]},{"@type":"WebSite","@id":"https:\/\/www.valpineta.eu\/#website","url":"https:\/\/www.valpineta.eu\/","name":"Refugio Pineta (Valpineta)","description":"Refugio Pineta : La porte de tes r\u00eaves, oses la franchir, et tu te trouveras","publisher":{"@id":"https:\/\/www.valpineta.eu\/#organization"},"potentialAction":[{"@type":"SearchAction","target":{"@type":"EntryPoint","urlTemplate":"https:\/\/www.valpineta.eu\/?s={search_term_string}"},"query-input":{"@type":"PropertyValueSpecification","valueRequired":true,"valueName":"search_term_string"}}],"inLanguage":"fr-FR"},{"@type":"Organization","@id":"https:\/\/www.valpineta.eu\/#organization","name":"Refugio Pineta","url":"https:\/\/www.valpineta.eu\/","logo":{"@type":"ImageObject","inLanguage":"fr-FR","@id":"https:\/\/www.valpineta.eu\/#\/schema\/logo\/image\/","url":"https:\/\/www.valpineta.eu\/wp-content\/uploads\/2019\/12\/LOGO-copie-vert.jpg","contentUrl":"https:\/\/www.valpineta.eu\/wp-content\/uploads\/2019\/12\/LOGO-copie-vert.jpg","width":751,"height":216,"caption":"Refugio Pineta"},"image":{"@id":"https:\/\/www.valpineta.eu\/#\/schema\/logo\/image\/"},"sameAs":["https:\/\/www.facebook.com\/Refugio-d-Pineta-1689373461292734\/"]}]}},"_links":{"self":[{"href":"https:\/\/www.valpineta.eu\/fr\/wp-json\/wp\/v2\/excursions\/15633"}],"collection":[{"href":"https:\/\/www.valpineta.eu\/fr\/wp-json\/wp\/v2\/excursions"}],"about":[{"href":"https:\/\/www.valpineta.eu\/fr\/wp-json\/wp\/v2\/types\/excursion"}],"replies":[{"embeddable":true,"href":"https:\/\/www.valpineta.eu\/fr\/wp-json\/wp\/v2\/comments?post=15633"}],"version-history":[{"count":5,"href":"https:\/\/www.valpineta.eu\/fr\/wp-json\/wp\/v2\/excursions\/15633\/revisions"}],"predecessor-version":[{"id":15642,"href":"https:\/\/www.valpineta.eu\/fr\/wp-json\/wp\/v2\/excursions\/15633\/revisions\/15642"}],"wp:featuredmedia":[{"embeddable":true,"href":"https:\/\/www.valpineta.eu\/fr\/wp-json\/wp\/v2\/media\/15634"}],"wp:attachment":[{"href":"https:\/\/www.valpineta.eu\/fr\/wp-json\/wp\/v2\/media?parent=15633"}],"curies":[{"name":"wp","href":"https:\/\/api.w.org\/{rel}","templated":true}]}}