{"id":13909,"date":"2023-05-22T00:06:12","date_gmt":"2023-05-21T22:06:12","guid":{"rendered":"https:\/\/www.valpineta.eu\/excursion\/pineta-canon-de-anisclo-san-urbez\/"},"modified":"2024-01-10T22:50:41","modified_gmt":"2024-01-10T21:50:41","slug":"pineta-canon-de-anisclo-san-urbez","status":"publish","type":"excursion","link":"https:\/\/www.valpineta.eu\/fr\/excursion\/pineta-canon-de-anisclo-san-urbez\/","title":{"rendered":"Pineta &#8211; Canyon d&rsquo;A\u00f1isclo &#8211; San Urbez"},"content":{"rendered":"\r\n<p><em><strong>Alors qu&rsquo;\u00e0 Pineta, le chemin grimpe vite et fort, par un itin\u00e9raire improbable, dans le canyon, le chemin est \u00e9vident, r\u00e9gulier et long. Il nous invite \u00e0 un voyage tranquille, au bord de la rivi\u00e8re, des cascades, des parois, en nous impr\u00e9gnant du calme de la for\u00eat.<\/strong><\/em><\/p>\r\n<p><em><strong>Rejoindre Pineta \u00e0 San Urbez est une excursion incontournable, intense, essentielle pour tout alpiniste, randonneur, amoureux de la beaut\u00e9, du calcaire et de ce massif. Une randonn\u00e9e de 20 km (environ) : 4 km d&rsquo;une mont\u00e9e de 1200 m et 16 km d&rsquo;une descente ondul\u00e9e et agr\u00e9able.<\/strong><\/em><\/p>\r\n<h4>Refugio de Pineta &#8211; Col d&rsquo;A\u00f1isclo<\/h4>\r\n<p>Du refuge, nous empruntons le GR-11 en direction du col d&rsquo;A\u00f1isclo. Nous commen\u00e7ons par traverser le lit de la rivi\u00e8re (sec en \u00e9t\u00e9 et en hiver) en suivant de gros cairns jusqu&rsquo;\u00e0 l&rsquo;entr\u00e9e d&rsquo;un bosquet de saules. Le chemin tourne \u00e0 gauche sur environ 300 m pour ensuite, au niveau de grands pins, bifurquer \u00e0 nouveau en direction de la paroi. Arriv\u00e9s \u00e0 celle-ci nous laissons \u00e0 droite le GR-11 qui part en direction du fond de la vall\u00e9e et entamons la mont\u00e9e sur un sentier dont l&rsquo;inclinaison augmente progressivement. Le chemin, GR-11, est bien signal\u00e9 par des peintures rouges et blanches. Il passe deux \u00ab Barrancos \u00bb (Fayetas y Espluca negra) entre lesquels nous rencontrons plusieurs passages raides o\u00f9, par endroits, nous pourrons mettre les mains par endroits. Apr\u00e8s le deuxi\u00e8me Barranco, le sentier entre dans une zone de pins noirs et de bouleaux dans laquelle nous trouvons la bifurcation pour la faja de Tormosa, signal\u00e9e par un panneau.<br \/>Nous restons sur le GR-11 et continuons notre mont\u00e9e en nous rafraichissant \u00e0 une source environ 500 m\u00e8tres plus loin.<br \/>La derni\u00e8re partie de l&rsquo;ascension se d\u00e9roule dans un paysage plus sec, mais ne pr\u00e9sente pas de difficult\u00e9 d&rsquo;orientation, on s&rsquo;attachera \u00e0 suivre les peintures qui nous conduisent au col dans une zone de roche et de pierrier.<\/p>\r\n<h4>Col d&rsquo;A\u00f1isclo &#8211; San Urbez<\/h4>\r\n<p>Nous sommes au col d&rsquo;A\u00f1isclo, et deux piliers annoncent le d\u00e9but d&rsquo;une longue et spectaculaire descente, la Suca \u00e0 notre gauche et la Punta de las Olas, \u00e0 droite.<\/p>\r\n<p>Nous suivons maintenant le GR11 qui descend vers Fuen Blanca. nous descendons progressivement en travers\u00e9es et d\u00e9couvrons les premi\u00e8res sources du Bellos sur notre droite. Nous continuons notre descente et arrivons \u00e0 la confluence avec le ravin d&rsquo;Arrablo o\u00f9 nous laissons le refuge et le bivouac de Fuen Blanca, et le GR qui continue vers Goriz.<br \/>\u00c0 partir de l\u00e0, le sentier devient presque horizontal, avec de petites mont\u00e9es et descentes. Nous commen\u00e7ons \u00e9galement \u00e0 voir quelques arbres isol\u00e9s. En face du ravin de Caprariza, nous laissons sur notre gauche l&#8217;embranchement pour le cuello Viceto et commen\u00e7ons \u00e0 descendre pour traverser la rivi\u00e8re sur une passerelle.<\/p>\r\n<p>Nous entrons alors dans une spectaculaire for\u00eat de h\u00eatres qui laisse entrevoir tout au long de notre parcours rivi\u00e8re, cascades, vasques et parois. En 4 km environ, le sentier, quasiment horizontal, nous fait passer par la Ripareta, traverser le ravin de la Pardina et la Selva Plana.<\/p>\r\n<p>Il remonte ensuite l\u00e9g\u00e8rement avant d&rsquo;entamer la descente finale pour traverser la rivi\u00e8re et s&rsquo;engager sur la piste qui nous m\u00e8nera \u00e0 la Ermita, au pont et au parking de San Urbez.<\/p>\r\n<p><img loading=\"lazy\" decoding=\"async\" title=\"canonanisclo\" src=\"https:\/\/www.valpineta.eu\/wp-content\/uploads\/2023\/05\/canonanisclo-1.png\" alt=\"canonanisclo\" width=\"432\" height=\"288\" \/> <a role=\"button\" href=\"https:\/\/www.valpineta.eu\/fr\/excursion\/pineta-canon-nerin\/\" target=\"_blank\" rel=\"noopener\"> Pineta &#8211; Ca\u00f1on de A\u00f1isclo &#8211; Ner\u00edn <\/a><\/p>\r\n","protected":false},"featured_media":13835,"comment_status":"open","ping_status":"closed","template":"","presentation":"","vallee":"Pineta\/Refugio","distance_excursion":"19.5","categorie_distance":["15km - 20km"],"duree":"9h","categorie_duree":["Sup. 8h"],"type_parcours":[{"term_id":18,"name":"Aller simple","slug":"aller-simple","description":"","taxonomy":"type_de_parcours","parent":[],"term_taxonomy_id":18,"term_group":0,"count":13,"id":18}],"categorie_denivele":["1200m - 1600m"],"denivele_de_montee":"1600","denivele_de_descente":"1900","altitude_maximale":"2453","hostilite_du_milieu":"2","difficulte_technique":"3","difficulte_orientation":"2","effort_necessaire":"4","information":"","pente_de_neige":[],"rappel_necessaire":[],"passage_escalade":[],"lat":"0.000000","lon":"0.000000","track":{"ID":"15570","post_author":"2","post_date":"2024-01-10 22:50:30","post_date_gmt":"2024-01-10 21:50:30","post_content":"","post_title":"dPinetaAniscloUrbez","post_excerpt":"","post_status":"inherit","comment_status":"open","ping_status":"closed","post_password":"","post_name":"dpinetaanisclourbez","to_ping":"","pinged":"","post_modified":"2024-01-10 22:50:41","post_modified_gmt":"2024-01-10 21:50:41","post_content_filtered":"","post_parent":"13909","guid":"https:\/\/www.valpineta.eu\/wp-content\/uploads\/2023\/05\/dPinetaAniscloUrbez.gpx","menu_order":"0","post_type":"attachment","post_mime_type":"application\/gpx+xml","comment_count":"0","translation_id":"13194","element_type":"post_attachment","element_id":"15570","trid":"94912","language_code":"fr","source_language_code":null,"id":"4","code":"fr","english_name":"French","major":"1","active":"1","default_locale":"fr_FR","tag":"fr","encode_url":"0","country":null,"pod_item_id":"15570"},"track_color":"#000000","yoast_head":"<!-- This site is optimized with the Yoast SEO plugin v24.5 - https:\/\/yoast.com\/wordpress\/plugins\/seo\/ -->\n<title>Pineta - Canyon d&#039;A\u00f1isclo - San Urbez - Refugio Pineta (Valpineta)<\/title>\n<meta name=\"robots\" content=\"index, follow, max-snippet:-1, max-image-preview:large, max-video-preview:-1\" \/>\n<link rel=\"canonical\" href=\"https:\/\/www.valpineta.eu\/fr\/excursion\/pineta-canon-de-anisclo-san-urbez\/\" \/>\n<meta property=\"og:locale\" content=\"fr_FR\" \/>\n<meta property=\"og:type\" content=\"article\" \/>\n<meta property=\"og:title\" content=\"Pineta - Canyon d&#039;A\u00f1isclo - San Urbez - Refugio Pineta (Valpineta)\" \/>\n<meta property=\"og:description\" content=\"Alors qu&rsquo;\u00e0 Pineta, le chemin grimpe vite et fort, par un itin\u00e9raire improbable, dans le canyon, le chemin est \u00e9vident, r\u00e9gulier et long. Il nous invite \u00e0 un voyage tranquille, au bord de la rivi\u00e8re, des cascades, des parois, en nous impr\u00e9gnant du calme de la for\u00eat. Rejoindre Pineta \u00e0 San Urbez est une excursion&hellip;\" \/>\n<meta property=\"og:url\" content=\"https:\/\/www.valpineta.eu\/fr\/excursion\/pineta-canon-de-anisclo-san-urbez\/\" \/>\n<meta property=\"og:site_name\" content=\"Refugio Pineta (Valpineta)\" \/>\n<meta property=\"article:publisher\" content=\"https:\/\/www.facebook.com\/Refugio-d-Pineta-1689373461292734\/\" \/>\n<meta property=\"article:modified_time\" content=\"2024-01-10T21:50:41+00:00\" \/>\n<meta property=\"og:image\" content=\"https:\/\/www.valpineta.eu\/wp-content\/uploads\/2023\/05\/canon-anisclo.jpg\" \/>\n\t<meta property=\"og:image:width\" content=\"1920\" \/>\n\t<meta property=\"og:image:height\" content=\"400\" \/>\n\t<meta property=\"og:image:type\" content=\"image\/jpeg\" \/>\n<meta name=\"twitter:card\" content=\"summary_large_image\" \/>\n<meta name=\"twitter:label1\" content=\"Dur\u00e9e de lecture estim\u00e9e\" \/>\n\t<meta name=\"twitter:data1\" content=\"4 minutes\" \/>\n<script type=\"application\/ld+json\" class=\"yoast-schema-graph\">{\"@context\":\"https:\/\/schema.org\",\"@graph\":[{\"@type\":\"WebPage\",\"@id\":\"https:\/\/www.valpineta.eu\/fr\/excursion\/pineta-canon-de-anisclo-san-urbez\/\",\"url\":\"https:\/\/www.valpineta.eu\/fr\/excursion\/pineta-canon-de-anisclo-san-urbez\/\",\"name\":\"Pineta - Canyon d'A\u00f1isclo - San Urbez - Refugio Pineta (Valpineta)\",\"isPartOf\":{\"@id\":\"https:\/\/www.valpineta.eu\/#website\"},\"primaryImageOfPage\":{\"@id\":\"https:\/\/www.valpineta.eu\/fr\/excursion\/pineta-canon-de-anisclo-san-urbez\/#primaryimage\"},\"image\":{\"@id\":\"https:\/\/www.valpineta.eu\/fr\/excursion\/pineta-canon-de-anisclo-san-urbez\/#primaryimage\"},\"thumbnailUrl\":\"https:\/\/www.valpineta.eu\/wp-content\/uploads\/2023\/05\/canon-anisclo.jpg\",\"datePublished\":\"2023-05-21T22:06:12+00:00\",\"dateModified\":\"2024-01-10T21:50:41+00:00\",\"breadcrumb\":{\"@id\":\"https:\/\/www.valpineta.eu\/fr\/excursion\/pineta-canon-de-anisclo-san-urbez\/#breadcrumb\"},\"inLanguage\":\"fr-FR\",\"potentialAction\":[{\"@type\":\"ReadAction\",\"target\":[\"https:\/\/www.valpineta.eu\/fr\/excursion\/pineta-canon-de-anisclo-san-urbez\/\"]}]},{\"@type\":\"ImageObject\",\"inLanguage\":\"fr-FR\",\"@id\":\"https:\/\/www.valpineta.eu\/fr\/excursion\/pineta-canon-de-anisclo-san-urbez\/#primaryimage\",\"url\":\"https:\/\/www.valpineta.eu\/wp-content\/uploads\/2023\/05\/canon-anisclo.jpg\",\"contentUrl\":\"https:\/\/www.valpineta.eu\/wp-content\/uploads\/2023\/05\/canon-anisclo.jpg\",\"width\":1920,\"height\":400},{\"@type\":\"BreadcrumbList\",\"@id\":\"https:\/\/www.valpineta.eu\/fr\/excursion\/pineta-canon-de-anisclo-san-urbez\/#breadcrumb\",\"itemListElement\":[{\"@type\":\"ListItem\",\"position\":1,\"name\":\"Accueil\",\"item\":\"https:\/\/www.valpineta.eu\/fr\/\"},{\"@type\":\"ListItem\",\"position\":2,\"name\":\"Excursions\",\"item\":\"https:\/\/www.valpineta.eu\/excursion\/\"},{\"@type\":\"ListItem\",\"position\":3,\"name\":\"Pineta &#8211; Canyon d&#8217;A\u00f1isclo &#8211; San Urbez\"}]},{\"@type\":\"WebSite\",\"@id\":\"https:\/\/www.valpineta.eu\/#website\",\"url\":\"https:\/\/www.valpineta.eu\/\",\"name\":\"Refugio Pineta (Valpineta)\",\"description\":\"Refugio Pineta : La porte de tes r\u00eaves, oses la franchir, et tu te trouveras\",\"publisher\":{\"@id\":\"https:\/\/www.valpineta.eu\/#organization\"},\"potentialAction\":[{\"@type\":\"SearchAction\",\"target\":{\"@type\":\"EntryPoint\",\"urlTemplate\":\"https:\/\/www.valpineta.eu\/?s={search_term_string}\"},\"query-input\":{\"@type\":\"PropertyValueSpecification\",\"valueRequired\":true,\"valueName\":\"search_term_string\"}}],\"inLanguage\":\"fr-FR\"},{\"@type\":\"Organization\",\"@id\":\"https:\/\/www.valpineta.eu\/#organization\",\"name\":\"Refugio Pineta\",\"url\":\"https:\/\/www.valpineta.eu\/\",\"logo\":{\"@type\":\"ImageObject\",\"inLanguage\":\"fr-FR\",\"@id\":\"https:\/\/www.valpineta.eu\/#\/schema\/logo\/image\/\",\"url\":\"https:\/\/www.valpineta.eu\/wp-content\/uploads\/2019\/12\/LOGO-copie-vert.jpg\",\"contentUrl\":\"https:\/\/www.valpineta.eu\/wp-content\/uploads\/2019\/12\/LOGO-copie-vert.jpg\",\"width\":751,\"height\":216,\"caption\":\"Refugio Pineta\"},\"image\":{\"@id\":\"https:\/\/www.valpineta.eu\/#\/schema\/logo\/image\/\"},\"sameAs\":[\"https:\/\/www.facebook.com\/Refugio-d-Pineta-1689373461292734\/\"]}]}<\/script>\n<!-- \/ Yoast SEO plugin. -->","yoast_head_json":{"title":"Pineta - Canyon d'A\u00f1isclo - San Urbez - Refugio Pineta (Valpineta)","robots":{"index":"index","follow":"follow","max-snippet":"max-snippet:-1","max-image-preview":"max-image-preview:large","max-video-preview":"max-video-preview:-1"},"canonical":"https:\/\/www.valpineta.eu\/fr\/excursion\/pineta-canon-de-anisclo-san-urbez\/","og_locale":"fr_FR","og_type":"article","og_title":"Pineta - Canyon d'A\u00f1isclo - San Urbez - Refugio Pineta (Valpineta)","og_description":"Alors qu&rsquo;\u00e0 Pineta, le chemin grimpe vite et fort, par un itin\u00e9raire improbable, dans le canyon, le chemin est \u00e9vident, r\u00e9gulier et long. Il nous invite \u00e0 un voyage tranquille, au bord de la rivi\u00e8re, des cascades, des parois, en nous impr\u00e9gnant du calme de la for\u00eat. Rejoindre Pineta \u00e0 San Urbez est une excursion&hellip;","og_url":"https:\/\/www.valpineta.eu\/fr\/excursion\/pineta-canon-de-anisclo-san-urbez\/","og_site_name":"Refugio Pineta (Valpineta)","article_publisher":"https:\/\/www.facebook.com\/Refugio-d-Pineta-1689373461292734\/","article_modified_time":"2024-01-10T21:50:41+00:00","og_image":[{"width":1920,"height":400,"url":"https:\/\/www.valpineta.eu\/wp-content\/uploads\/2023\/05\/canon-anisclo.jpg","type":"image\/jpeg"}],"twitter_card":"summary_large_image","twitter_misc":{"Dur\u00e9e de lecture estim\u00e9e":"4 minutes"},"schema":{"@context":"https:\/\/schema.org","@graph":[{"@type":"WebPage","@id":"https:\/\/www.valpineta.eu\/fr\/excursion\/pineta-canon-de-anisclo-san-urbez\/","url":"https:\/\/www.valpineta.eu\/fr\/excursion\/pineta-canon-de-anisclo-san-urbez\/","name":"Pineta - Canyon d'A\u00f1isclo - San Urbez - Refugio Pineta (Valpineta)","isPartOf":{"@id":"https:\/\/www.valpineta.eu\/#website"},"primaryImageOfPage":{"@id":"https:\/\/www.valpineta.eu\/fr\/excursion\/pineta-canon-de-anisclo-san-urbez\/#primaryimage"},"image":{"@id":"https:\/\/www.valpineta.eu\/fr\/excursion\/pineta-canon-de-anisclo-san-urbez\/#primaryimage"},"thumbnailUrl":"https:\/\/www.valpineta.eu\/wp-content\/uploads\/2023\/05\/canon-anisclo.jpg","datePublished":"2023-05-21T22:06:12+00:00","dateModified":"2024-01-10T21:50:41+00:00","breadcrumb":{"@id":"https:\/\/www.valpineta.eu\/fr\/excursion\/pineta-canon-de-anisclo-san-urbez\/#breadcrumb"},"inLanguage":"fr-FR","potentialAction":[{"@type":"ReadAction","target":["https:\/\/www.valpineta.eu\/fr\/excursion\/pineta-canon-de-anisclo-san-urbez\/"]}]},{"@type":"ImageObject","inLanguage":"fr-FR","@id":"https:\/\/www.valpineta.eu\/fr\/excursion\/pineta-canon-de-anisclo-san-urbez\/#primaryimage","url":"https:\/\/www.valpineta.eu\/wp-content\/uploads\/2023\/05\/canon-anisclo.jpg","contentUrl":"https:\/\/www.valpineta.eu\/wp-content\/uploads\/2023\/05\/canon-anisclo.jpg","width":1920,"height":400},{"@type":"BreadcrumbList","@id":"https:\/\/www.valpineta.eu\/fr\/excursion\/pineta-canon-de-anisclo-san-urbez\/#breadcrumb","itemListElement":[{"@type":"ListItem","position":1,"name":"Accueil","item":"https:\/\/www.valpineta.eu\/fr\/"},{"@type":"ListItem","position":2,"name":"Excursions","item":"https:\/\/www.valpineta.eu\/excursion\/"},{"@type":"ListItem","position":3,"name":"Pineta &#8211; Canyon d&#8217;A\u00f1isclo &#8211; San Urbez"}]},{"@type":"WebSite","@id":"https:\/\/www.valpineta.eu\/#website","url":"https:\/\/www.valpineta.eu\/","name":"Refugio Pineta (Valpineta)","description":"Refugio Pineta : La porte de tes r\u00eaves, oses la franchir, et tu te trouveras","publisher":{"@id":"https:\/\/www.valpineta.eu\/#organization"},"potentialAction":[{"@type":"SearchAction","target":{"@type":"EntryPoint","urlTemplate":"https:\/\/www.valpineta.eu\/?s={search_term_string}"},"query-input":{"@type":"PropertyValueSpecification","valueRequired":true,"valueName":"search_term_string"}}],"inLanguage":"fr-FR"},{"@type":"Organization","@id":"https:\/\/www.valpineta.eu\/#organization","name":"Refugio Pineta","url":"https:\/\/www.valpineta.eu\/","logo":{"@type":"ImageObject","inLanguage":"fr-FR","@id":"https:\/\/www.valpineta.eu\/#\/schema\/logo\/image\/","url":"https:\/\/www.valpineta.eu\/wp-content\/uploads\/2019\/12\/LOGO-copie-vert.jpg","contentUrl":"https:\/\/www.valpineta.eu\/wp-content\/uploads\/2019\/12\/LOGO-copie-vert.jpg","width":751,"height":216,"caption":"Refugio Pineta"},"image":{"@id":"https:\/\/www.valpineta.eu\/#\/schema\/logo\/image\/"},"sameAs":["https:\/\/www.facebook.com\/Refugio-d-Pineta-1689373461292734\/"]}]}},"_links":{"self":[{"href":"https:\/\/www.valpineta.eu\/fr\/wp-json\/wp\/v2\/excursions\/13909"}],"collection":[{"href":"https:\/\/www.valpineta.eu\/fr\/wp-json\/wp\/v2\/excursions"}],"about":[{"href":"https:\/\/www.valpineta.eu\/fr\/wp-json\/wp\/v2\/types\/excursion"}],"replies":[{"embeddable":true,"href":"https:\/\/www.valpineta.eu\/fr\/wp-json\/wp\/v2\/comments?post=13909"}],"version-history":[{"count":8,"href":"https:\/\/www.valpineta.eu\/fr\/wp-json\/wp\/v2\/excursions\/13909\/revisions"}],"predecessor-version":[{"id":14083,"href":"https:\/\/www.valpineta.eu\/fr\/wp-json\/wp\/v2\/excursions\/13909\/revisions\/14083"}],"wp:featuredmedia":[{"embeddable":true,"href":"https:\/\/www.valpineta.eu\/fr\/wp-json\/wp\/v2\/media\/13835"}],"wp:attachment":[{"href":"https:\/\/www.valpineta.eu\/fr\/wp-json\/wp\/v2\/media?parent=13909"}],"curies":[{"name":"wp","href":"https:\/\/api.w.org\/{rel}","templated":true}]}}