{"id":13799,"date":"2023-05-07T23:56:34","date_gmt":"2023-05-07T21:56:34","guid":{"rendered":"https:\/\/www.valpineta.eu\/excursion\/pala-montinier\/"},"modified":"2024-05-13T21:19:55","modified_gmt":"2024-05-13T19:19:55","slug":"pala-montinier","status":"publish","type":"excursion","link":"https:\/\/www.valpineta.eu\/fr\/excursion\/pala-montinier\/","title":{"rendered":"Pala de Montinier"},"content":{"rendered":"\n\n\t<h3>Point de d\u00e9part<\/h3>\n<p>En venant du refuge en direction de Bielsa, peu avant le barrage, \u00e0 environ 7 km du refuge, nous trouvons sur notre droite une piste qui m\u00e8ne \u00e0 une aire de jeux, nous nous y engageons, nous passons l&rsquo;aire, traversons un pont et arrivons \u00e0 la zone du Cornato. Quelques m\u00e8tres apr\u00e8s le pont, il y a une bifurcation et nous suivons la piste sur la gauche.<\/p>\n<p>Cette piste est \u00e0 usage r\u00e9glement\u00e9 \u00e0 partir d&rsquo;une barri\u00e8re. Deux possibilit\u00e9s :<\/p>\n<ul>\n<li>Se garer et suivre la piste \u00e0 pied sur environ 1,5 km. Peu apr\u00e8s avoir pass\u00e9 un pr\u00e9 sur notre droite, nous entrons sur un joli sentier (GR-19) qui, dans une for\u00eat majestueuse et en restant sur la rive droite du ravin de Montinier, nous ram\u00e8ne \u00e0 la piste (borda Musulie). Nous la suivons pendant approximativement 500m, sur un parcours presque horizontal, jusqu&rsquo;au ravin de Montinier (1520 m).<\/li>\n<li>S&rsquo;acquitter de la redevance (<a href=\"https:\/\/entradas.bielsa.com\">https:\/\/entradas.bielsa.com<\/a>) pour emprunter cette piste qui vous m\u00e8nera au ravin de Montinier (1520 m). Cette piste n&rsquo;est pas toujours en tr\u00e8s bon \u00e9tat, il est conseill\u00e9 de disposer d&rsquo;un v\u00e9hicule \u00ab\u00a0tout terrain\u00a0\u00bb.<\/li>\n<\/ul>\n<p>En prenant la piste en voiture, nous \u00ab\u00a0gagnons\u00a0\u00bb environ 400m de d\u00e9nivel\u00e9.<\/p>\n\t<h4>Piste Montinier &#8211; Portillo de Tella<\/h4>\nNous suivons le GR19.1, balis\u00e9 en rouge et blanc, qui nous conduit \u00e0 Portillo de Tella.<br \/>\nNous passons d&rsquo;abord par la cabane de Montinier. Vue magnifique. Au sud, de belles parois sous Pe\u00f1a Altura et le Portillo de Tella. \u00c0 droite, le cirque d&rsquo;El Cabet (que nous traverserions pour suivre la vire Montinier-A\u00f1isclo), domin\u00e9 par la Pala Montinier. Et \u00e0 l&rsquo;ouest, les montagnes de Pineta.\n<p>Le refuge dispose d&rsquo;une source \u00e0 proximit\u00e9 (abreuvoir), mais elle peut s&rsquo;ass\u00e9cher et l&rsquo;on pourra trouver de l&rsquo;eau sur le replat suivant, et en laissant alors le sentier \u00e0 notre droite.<\/p>\n<p>La mont\u00e9e au Portillo n&rsquo;est pas difficile. Le sentier reste dans le fond de la vall\u00e9e jusqu&rsquo;\u00e0 tourner \u00e0 droite, un peu avant le Portillo et l&rsquo;atteindre en deux diagonales.<\/p>\n<h4>Portillo de Tella &#8211; Pala de Montinier<\/h4>\nEn arrivant au col, nous laissons le GR-19 qui continue vers Tella et nous tournons \u00e0 droite vers la montagne de Montinier, en particulier vers une pro\u00e9minence rocheuse, la Punta Palom\u00edn. Nous la franchirons pour acc\u00e9der \u00e0 une vire herbeuse qui nous m\u00e8nera sur la face sud de la montagne.<br \/>\nIl n&rsquo;y a ni sentier, ni de cairns, nous suivrons quelques sentes de brebis, en essayant de ne pas perdre de hauteur sous les parois.<br \/>\nNous passons un vieil abri de berger et finissons de contourner la montagne. Nous sommes sur son versant sud.\n<p>En continuant horizontalement, nous atteignons un pierrier un peu d\u00e9sagr\u00e9able qui nous indique qu&rsquo;il est temps de reprendre de la hauteur, pour monter sur notre droite, en direction du nord-ouest, et atteindre la zone de blocs et d&rsquo;herbe plus commode qui nous permettra d&rsquo;acc\u00e9der \u00e0 l&rsquo;ar\u00eate.<\/p>\n<p>*Nous pourrions \u00e9viter le pierrier en d\u00e9cidant, un peu plus t\u00f4t, de monter en pente douce sur un terrain herbeux, apr\u00e8s avoir travers\u00e9 les petits murs que nous longions, une fois sur la face sud. Nous n&rsquo;avons pas de point tr\u00e8s caract\u00e9ristique pour d\u00e9cider \u00e0 quel moment franchir ces murets. Environ 100m apr\u00e8s avoir p\u00e9n\u00e9tr\u00e9 sur ce versant (le track de descente correspond \u00e0 cet itin\u00e9raire). En montant ainsi doucement, nous atteindrons \u00e9galement la zone de bloc et d&rsquo;herbes, sous la cr\u00eate.<\/p>\n<p>On poursuit ainsi l&rsquo;ascension sur un terrain de lapiaz qui ne pr\u00e9sente pas de difficult\u00e9 particuli\u00e8re. On atteint la cr\u00eate et une premi\u00e8re pointe, la pointe Cabet, puis une deuxi\u00e8me, la troisi\u00e8me \u00e9tant la Pala Montinier.<\/p>\n<h4>Descente par le m\u00eame itin\u00e9raire<\/h4>\n\n","protected":false},"featured_media":1167,"comment_status":"open","ping_status":"closed","template":"","presentation":"","vallee":"Pineta\/Embalse","distance_excursion":"17.5","categorie_distance":["15km - 20km"],"duree":"8h15","categorie_duree":["Sup. 8h"],"type_parcours":[{"term_id":14,"name":"Aller\/retour","slug":"aller-retour","description":"","taxonomy":"type_de_parcours","parent":[],"term_taxonomy_id":14,"term_group":0,"count":30,"id":14}],"categorie_denivele":["1200m - 1600m"],"denivele_de_montee":"1450","denivele_de_descente":"1450","altitude_maximale":"2593","hostilite_du_milieu":"2","difficulte_technique":"3","difficulte_orientation":"4","effort_necessaire":"4","information":"","pente_de_neige":"0","rappel_necessaire":"0","passage_escalade":"0","lat":"0.000000","lon":"0.000000","track":{"ID":"15324","post_author":"2","post_date":"2023-12-17 01:28:41","post_date_gmt":"2023-12-17 00:28:41","post_content":"","post_title":"dpalamontinier","post_excerpt":"","post_status":"inherit","comment_status":"open","ping_status":"closed","post_password":"","post_name":"dpalamontinier","to_ping":"","pinged":"","post_modified":"2023-12-17 01:29:01","post_modified_gmt":"2023-12-17 00:29:01","post_content_filtered":"","post_parent":"13799","guid":"https:\/\/www.valpineta.eu\/wp-content\/uploads\/2023\/05\/dpalamontinier.gpx","menu_order":"0","post_type":"attachment","post_mime_type":"application\/gpx+xml","comment_count":"0","translation_id":"13052","element_type":"post_attachment","element_id":"15324","trid":"94849","language_code":"fr","source_language_code":null,"id":"4","code":"fr","english_name":"French","major":"1","active":"1","default_locale":"fr_FR","tag":"fr","encode_url":"0","country":null,"pod_item_id":"15324"},"track_color":"#dd3333","yoast_head":"<!-- This site is optimized with the Yoast SEO plugin v24.5 - https:\/\/yoast.com\/wordpress\/plugins\/seo\/ -->\n<title>Pala de Montinier - Refugio Pineta (Valpineta)<\/title>\n<meta name=\"description\" content=\"Magn\u00edfica cresta revelando numerosos circos y numerosas puntas, de la Pala Montinier hasta la Suca, pasando por las Verdes, la Monesma y las Tres Mar\u00edas.\" \/>\n<meta name=\"robots\" content=\"index, follow, max-snippet:-1, max-image-preview:large, max-video-preview:-1\" \/>\n<link rel=\"canonical\" href=\"https:\/\/www.valpineta.eu\/fr\/excursion\/pala-montinier\/\" \/>\n<meta property=\"og:locale\" content=\"fr_FR\" \/>\n<meta property=\"og:type\" content=\"article\" \/>\n<meta property=\"og:title\" content=\"Pala de Montinier - Refugio Pineta (Valpineta)\" \/>\n<meta property=\"og:description\" content=\"Magn\u00edfica cresta revelando numerosos circos y numerosas puntas, de la Pala Montinier hasta la Suca, pasando por las Verdes, la Monesma y las Tres Mar\u00edas.\" \/>\n<meta property=\"og:url\" content=\"https:\/\/www.valpineta.eu\/fr\/excursion\/pala-montinier\/\" \/>\n<meta property=\"og:site_name\" content=\"Refugio Pineta (Valpineta)\" \/>\n<meta property=\"article:publisher\" content=\"https:\/\/www.facebook.com\/Refugio-d-Pineta-1689373461292734\/\" \/>\n<meta property=\"article:modified_time\" content=\"2024-05-13T19:19:55+00:00\" \/>\n<meta property=\"og:image\" content=\"https:\/\/www.valpineta.eu\/wp-content\/uploads\/2019\/07\/crete1.jpg\" \/>\n\t<meta property=\"og:image:width\" content=\"1920\" \/>\n\t<meta property=\"og:image:height\" content=\"400\" \/>\n\t<meta property=\"og:image:type\" content=\"image\/jpeg\" \/>\n<meta name=\"twitter:card\" content=\"summary_large_image\" \/>\n<meta name=\"twitter:label1\" content=\"Dur\u00e9e de lecture estim\u00e9e\" \/>\n\t<meta name=\"twitter:data1\" content=\"4 minutes\" \/>\n<script type=\"application\/ld+json\" class=\"yoast-schema-graph\">{\"@context\":\"https:\/\/schema.org\",\"@graph\":[{\"@type\":\"WebPage\",\"@id\":\"https:\/\/www.valpineta.eu\/fr\/excursion\/pala-montinier\/\",\"url\":\"https:\/\/www.valpineta.eu\/fr\/excursion\/pala-montinier\/\",\"name\":\"Pala de Montinier - Refugio Pineta (Valpineta)\",\"isPartOf\":{\"@id\":\"https:\/\/www.valpineta.eu\/#website\"},\"primaryImageOfPage\":{\"@id\":\"https:\/\/www.valpineta.eu\/fr\/excursion\/pala-montinier\/#primaryimage\"},\"image\":{\"@id\":\"https:\/\/www.valpineta.eu\/fr\/excursion\/pala-montinier\/#primaryimage\"},\"thumbnailUrl\":\"https:\/\/www.valpineta.eu\/wp-content\/uploads\/2019\/07\/crete1.jpg\",\"datePublished\":\"2023-05-07T21:56:34+00:00\",\"dateModified\":\"2024-05-13T19:19:55+00:00\",\"description\":\"Magn\u00edfica cresta revelando numerosos circos y numerosas puntas, de la Pala Montinier hasta la Suca, pasando por las Verdes, la Monesma y las Tres Mar\u00edas.\",\"breadcrumb\":{\"@id\":\"https:\/\/www.valpineta.eu\/fr\/excursion\/pala-montinier\/#breadcrumb\"},\"inLanguage\":\"fr-FR\",\"potentialAction\":[{\"@type\":\"ReadAction\",\"target\":[\"https:\/\/www.valpineta.eu\/fr\/excursion\/pala-montinier\/\"]}]},{\"@type\":\"ImageObject\",\"inLanguage\":\"fr-FR\",\"@id\":\"https:\/\/www.valpineta.eu\/fr\/excursion\/pala-montinier\/#primaryimage\",\"url\":\"https:\/\/www.valpineta.eu\/wp-content\/uploads\/2019\/07\/crete1.jpg\",\"contentUrl\":\"https:\/\/www.valpineta.eu\/wp-content\/uploads\/2019\/07\/crete1.jpg\",\"width\":1920,\"height\":400},{\"@type\":\"BreadcrumbList\",\"@id\":\"https:\/\/www.valpineta.eu\/fr\/excursion\/pala-montinier\/#breadcrumb\",\"itemListElement\":[{\"@type\":\"ListItem\",\"position\":1,\"name\":\"Accueil\",\"item\":\"https:\/\/www.valpineta.eu\/fr\/\"},{\"@type\":\"ListItem\",\"position\":2,\"name\":\"Excursions\",\"item\":\"https:\/\/www.valpineta.eu\/excursion\/\"},{\"@type\":\"ListItem\",\"position\":3,\"name\":\"Pala de Montinier\"}]},{\"@type\":\"WebSite\",\"@id\":\"https:\/\/www.valpineta.eu\/#website\",\"url\":\"https:\/\/www.valpineta.eu\/\",\"name\":\"Refugio Pineta (Valpineta)\",\"description\":\"Refugio Pineta : La porte de tes r\u00eaves, oses la franchir, et tu te trouveras\",\"publisher\":{\"@id\":\"https:\/\/www.valpineta.eu\/#organization\"},\"potentialAction\":[{\"@type\":\"SearchAction\",\"target\":{\"@type\":\"EntryPoint\",\"urlTemplate\":\"https:\/\/www.valpineta.eu\/?s={search_term_string}\"},\"query-input\":{\"@type\":\"PropertyValueSpecification\",\"valueRequired\":true,\"valueName\":\"search_term_string\"}}],\"inLanguage\":\"fr-FR\"},{\"@type\":\"Organization\",\"@id\":\"https:\/\/www.valpineta.eu\/#organization\",\"name\":\"Refugio Pineta\",\"url\":\"https:\/\/www.valpineta.eu\/\",\"logo\":{\"@type\":\"ImageObject\",\"inLanguage\":\"fr-FR\",\"@id\":\"https:\/\/www.valpineta.eu\/#\/schema\/logo\/image\/\",\"url\":\"https:\/\/www.valpineta.eu\/wp-content\/uploads\/2019\/12\/LOGO-copie-vert.jpg\",\"contentUrl\":\"https:\/\/www.valpineta.eu\/wp-content\/uploads\/2019\/12\/LOGO-copie-vert.jpg\",\"width\":751,\"height\":216,\"caption\":\"Refugio Pineta\"},\"image\":{\"@id\":\"https:\/\/www.valpineta.eu\/#\/schema\/logo\/image\/\"},\"sameAs\":[\"https:\/\/www.facebook.com\/Refugio-d-Pineta-1689373461292734\/\"]}]}<\/script>\n<!-- \/ Yoast SEO plugin. -->","yoast_head_json":{"title":"Pala de Montinier - Refugio Pineta (Valpineta)","description":"Magn\u00edfica cresta revelando numerosos circos y numerosas puntas, de la Pala Montinier hasta la Suca, pasando por las Verdes, la Monesma y las Tres Mar\u00edas.","robots":{"index":"index","follow":"follow","max-snippet":"max-snippet:-1","max-image-preview":"max-image-preview:large","max-video-preview":"max-video-preview:-1"},"canonical":"https:\/\/www.valpineta.eu\/fr\/excursion\/pala-montinier\/","og_locale":"fr_FR","og_type":"article","og_title":"Pala de Montinier - Refugio Pineta (Valpineta)","og_description":"Magn\u00edfica cresta revelando numerosos circos y numerosas puntas, de la Pala Montinier hasta la Suca, pasando por las Verdes, la Monesma y las Tres Mar\u00edas.","og_url":"https:\/\/www.valpineta.eu\/fr\/excursion\/pala-montinier\/","og_site_name":"Refugio Pineta (Valpineta)","article_publisher":"https:\/\/www.facebook.com\/Refugio-d-Pineta-1689373461292734\/","article_modified_time":"2024-05-13T19:19:55+00:00","og_image":[{"width":1920,"height":400,"url":"https:\/\/www.valpineta.eu\/wp-content\/uploads\/2019\/07\/crete1.jpg","type":"image\/jpeg"}],"twitter_card":"summary_large_image","twitter_misc":{"Dur\u00e9e de lecture estim\u00e9e":"4 minutes"},"schema":{"@context":"https:\/\/schema.org","@graph":[{"@type":"WebPage","@id":"https:\/\/www.valpineta.eu\/fr\/excursion\/pala-montinier\/","url":"https:\/\/www.valpineta.eu\/fr\/excursion\/pala-montinier\/","name":"Pala de Montinier - Refugio Pineta (Valpineta)","isPartOf":{"@id":"https:\/\/www.valpineta.eu\/#website"},"primaryImageOfPage":{"@id":"https:\/\/www.valpineta.eu\/fr\/excursion\/pala-montinier\/#primaryimage"},"image":{"@id":"https:\/\/www.valpineta.eu\/fr\/excursion\/pala-montinier\/#primaryimage"},"thumbnailUrl":"https:\/\/www.valpineta.eu\/wp-content\/uploads\/2019\/07\/crete1.jpg","datePublished":"2023-05-07T21:56:34+00:00","dateModified":"2024-05-13T19:19:55+00:00","description":"Magn\u00edfica cresta revelando numerosos circos y numerosas puntas, de la Pala Montinier hasta la Suca, pasando por las Verdes, la Monesma y las Tres Mar\u00edas.","breadcrumb":{"@id":"https:\/\/www.valpineta.eu\/fr\/excursion\/pala-montinier\/#breadcrumb"},"inLanguage":"fr-FR","potentialAction":[{"@type":"ReadAction","target":["https:\/\/www.valpineta.eu\/fr\/excursion\/pala-montinier\/"]}]},{"@type":"ImageObject","inLanguage":"fr-FR","@id":"https:\/\/www.valpineta.eu\/fr\/excursion\/pala-montinier\/#primaryimage","url":"https:\/\/www.valpineta.eu\/wp-content\/uploads\/2019\/07\/crete1.jpg","contentUrl":"https:\/\/www.valpineta.eu\/wp-content\/uploads\/2019\/07\/crete1.jpg","width":1920,"height":400},{"@type":"BreadcrumbList","@id":"https:\/\/www.valpineta.eu\/fr\/excursion\/pala-montinier\/#breadcrumb","itemListElement":[{"@type":"ListItem","position":1,"name":"Accueil","item":"https:\/\/www.valpineta.eu\/fr\/"},{"@type":"ListItem","position":2,"name":"Excursions","item":"https:\/\/www.valpineta.eu\/excursion\/"},{"@type":"ListItem","position":3,"name":"Pala de Montinier"}]},{"@type":"WebSite","@id":"https:\/\/www.valpineta.eu\/#website","url":"https:\/\/www.valpineta.eu\/","name":"Refugio Pineta (Valpineta)","description":"Refugio Pineta : La porte de tes r\u00eaves, oses la franchir, et tu te trouveras","publisher":{"@id":"https:\/\/www.valpineta.eu\/#organization"},"potentialAction":[{"@type":"SearchAction","target":{"@type":"EntryPoint","urlTemplate":"https:\/\/www.valpineta.eu\/?s={search_term_string}"},"query-input":{"@type":"PropertyValueSpecification","valueRequired":true,"valueName":"search_term_string"}}],"inLanguage":"fr-FR"},{"@type":"Organization","@id":"https:\/\/www.valpineta.eu\/#organization","name":"Refugio Pineta","url":"https:\/\/www.valpineta.eu\/","logo":{"@type":"ImageObject","inLanguage":"fr-FR","@id":"https:\/\/www.valpineta.eu\/#\/schema\/logo\/image\/","url":"https:\/\/www.valpineta.eu\/wp-content\/uploads\/2019\/12\/LOGO-copie-vert.jpg","contentUrl":"https:\/\/www.valpineta.eu\/wp-content\/uploads\/2019\/12\/LOGO-copie-vert.jpg","width":751,"height":216,"caption":"Refugio Pineta"},"image":{"@id":"https:\/\/www.valpineta.eu\/#\/schema\/logo\/image\/"},"sameAs":["https:\/\/www.facebook.com\/Refugio-d-Pineta-1689373461292734\/"]}]}},"_links":{"self":[{"href":"https:\/\/www.valpineta.eu\/fr\/wp-json\/wp\/v2\/excursions\/13799"}],"collection":[{"href":"https:\/\/www.valpineta.eu\/fr\/wp-json\/wp\/v2\/excursions"}],"about":[{"href":"https:\/\/www.valpineta.eu\/fr\/wp-json\/wp\/v2\/types\/excursion"}],"replies":[{"embeddable":true,"href":"https:\/\/www.valpineta.eu\/fr\/wp-json\/wp\/v2\/comments?post=13799"}],"version-history":[{"count":6,"href":"https:\/\/www.valpineta.eu\/fr\/wp-json\/wp\/v2\/excursions\/13799\/revisions"}],"predecessor-version":[{"id":16380,"href":"https:\/\/www.valpineta.eu\/fr\/wp-json\/wp\/v2\/excursions\/13799\/revisions\/16380"}],"wp:featuredmedia":[{"embeddable":true,"href":"https:\/\/www.valpineta.eu\/fr\/wp-json\/wp\/v2\/media\/1167"}],"wp:attachment":[{"href":"https:\/\/www.valpineta.eu\/fr\/wp-json\/wp\/v2\/media?parent=13799"}],"curies":[{"name":"wp","href":"https:\/\/api.w.org\/{rel}","templated":true}]}}