{"id":13632,"date":"2023-04-17T11:43:02","date_gmt":"2023-04-17T09:43:02","guid":{"rendered":"https:\/\/www.valpineta.eu\/excursion\/punta-maristas\/"},"modified":"2023-12-16T22:13:58","modified_gmt":"2023-12-16T21:13:58","slug":"punta-maristas","status":"publish","type":"excursion","link":"https:\/\/www.valpineta.eu\/fr\/excursion\/punta-maristas\/","title":{"rendered":"Col de la Cruz del Guardia &#8211; Punta Marist\u00e1s"},"content":{"rendered":"\r\n<p><em><strong>Une montagne modeste, mais \u00e0 la fois attrayante et simple.<br \/>Si nous partons de Bielsa, l&rsquo;activit\u00e9 prendra toute la journ\u00e9e et nous r\u00e9compensera d&rsquo;une vue exceptionnelle sur Bielsa, la vall\u00e9e de Pineta et les massifs proches tels Punta Suelza, Posets, Schrader, Picos de Eriste, Cotiella, Clarabide, Batouas&#8230;<br \/><\/strong><\/em><\/p>\r\n<h4>Acc\u00e8s et approche<\/h4>\r\n<p>Depuis Bielsa, direction A\u00ednsa, \u00e0 100 m de la caserne de la Guardia Civil, tourner \u00e0 gauche. Se garer sur l&rsquo;esplanade \u00e0 c\u00f4t\u00e9 du camping.<br \/>Suivre le chemin pendant quelques m\u00e8tres, traverser un ruisseau et continuer jusqu&rsquo;\u00e0 ce qu&rsquo;\u00e0 des marches sur votre gauche, un panneau indiquant le PR-19.1.<\/p>\r\n<h4>Jusqu&rsquo;au col de la Cruz del Guardia.<\/h4>\r\n<p>Nous continuons sur le sentier jusqu&rsquo;\u00e0 rejoindre \u00e0 nouveau la piste. Nous descendons une cinquantaine de m\u00e8tres pour r\u00e9cup\u00e9rer le sentier.<\/p>\r\n<p>Peu \u00e0 peu, le sentier contourne la vall\u00e9e de Bielsa pour entrer dans le ravin de Montiello. Il s&rsquo;adoucit jusqu&rsquo;\u00e0 une zone de cascades o\u00f9 le ravin s&rsquo;ouvre en deux.<\/p>\r\n<p>Le chemin devient plus pentu, la for\u00eat s&rsquo;\u00e9claircit peu \u00e0 peu et, sur notre droite, nous commen\u00e7ons \u00e0 appr\u00e9cier Marist\u00e1s. Ses petits couloirs, ses murs, ses pierriers.<\/p>\r\n<p>Nous sortons de la for\u00eat et, en traversant en diagonale le fond du vallon, nous d\u00e9bouchons sur le col de Cruz del Guardia, point de jonction entre les vall\u00e9es de Bielsa et de Gista\u00edn. Vues impressionnantes.<\/p>\r\n<h4>Du col de la Cruz del Guardia \u00e0 Marist\u00e1s<\/h4>\r\n<p>En nous tournant vers Pineta, nous d\u00e9couvrons sur notre gauche une cr\u00eate de pins et de rochers qui nous fait envisager un acc\u00e8s compliqu\u00e9, mais rien n&rsquo;est plus faux.<\/p>\r\n<p>Nous nous dirigeons vers ces pins et d\u00e9couvrons bient\u00f4t un sentier bien marqu\u00e9 qui monte doucement et tourne pour acc\u00e9der au versant sud.<br \/>Nous remontons alors la large croupe Sud-Est jusqu&rsquo;\u00e0 sortir de la for\u00eat et atteindre la cr\u00eate. Sa travers\u00e9e est simple et en m\u00eame temps spectaculaire sur son versant nord, a\u00e9rien.<\/p>\r\n<p>Quatre pointes. Selon les cartes, la premi\u00e8re est Marist\u00e1s ou Solana (2421 m) et la derni\u00e8re Pico l&rsquo;Orbar ou Marist\u00e1s (2422 m). Nous n&rsquo;allons pas discuter.<\/p>\r\n<h4>Descente<\/h4>\r\n<p>Au retour, sur le m\u00eame chemin, nous ferons attention, sur le versant sud-est, \u00e0 ne pas trop descendre. Vers 2200m, nous n&rsquo;oublierons pas de tourner vers le nord en direction du col.<\/p>\r\n<p>Depuis le col, une longue, agr\u00e9able et facile descente d&rsquo;environ 7,5 km nous attend jusqu&rsquo;\u00e0 Bielsa.<\/p>\r\n<p><img loading=\"lazy\" decoding=\"async\" title=\"ColladoCruzGuardiaMaristas\" src=\"https:\/\/www.valpineta.eu\/wp-content\/uploads\/2023\/04\/ColladoCruzGuardiaMaristas.png\" alt=\"ColladoCruzGuardiaMaristas\" width=\"432\" height=\"288\" \/><\/p>\r\n","protected":false},"featured_media":13554,"comment_status":"open","ping_status":"closed","template":"","presentation":"","vallee":"Bielsa","distance_excursion":"20.3","categorie_distance":["Sup. 20km"],"duree":"9h","categorie_duree":["Sup. 8h"],"type_parcours":[{"term_id":14,"name":"Aller\/retour","slug":"aller-retour","description":"","taxonomy":"type_de_parcours","parent":[],"term_taxonomy_id":14,"term_group":0,"count":30,"id":14}],"categorie_denivele":["1200m - 1600m"],"denivele_de_montee":"1550","denivele_de_descente":"1550","altitude_maximale":"2415","hostilite_du_milieu":"2","difficulte_technique":"3","difficulte_orientation":"2","effort_necessaire":"4","information":"","pente_de_neige":[],"rappel_necessaire":[],"passage_escalade":[],"lat":"0.000000","lon":"0.000000","track":{"ID":"15127","post_author":"2","post_date":"2023-12-16 22:13:32","post_date_gmt":"2023-12-16 21:13:32","post_content":"","post_title":"dColladoCruzGuardiaMaristas","post_excerpt":"","post_status":"inherit","comment_status":"open","ping_status":"closed","post_password":"","post_name":"dcolladocruzguardiamaristas-2","to_ping":"","pinged":"","post_modified":"2023-12-16 22:13:58","post_modified_gmt":"2023-12-16 21:13:58","post_content_filtered":"","post_parent":"13632","guid":"https:\/\/www.valpineta.eu\/wp-content\/uploads\/2023\/04\/dColladoCruzGuardiaMaristas.gpx","menu_order":"0","post_type":"attachment","post_mime_type":"application\/gpx+xml","comment_count":"0","translation_id":"12937","element_type":"post_attachment","element_id":"15127","trid":"94792","language_code":"fr","source_language_code":"es","id":"4","code":"fr","english_name":"French","major":"1","active":"1","default_locale":"fr_FR","tag":"fr","encode_url":"0","country":null,"pod_item_id":"15127"},"track_color":"#dd3333","yoast_head":"<!-- This site is optimized with the Yoast SEO plugin v24.5 - https:\/\/yoast.com\/wordpress\/plugins\/seo\/ -->\n<title>Col de la Cruz del Guardia - Punta Marist\u00e1s - Refugio Pineta (Valpineta)<\/title>\n<meta name=\"robots\" content=\"index, follow, max-snippet:-1, max-image-preview:large, max-video-preview:-1\" \/>\n<link rel=\"canonical\" href=\"https:\/\/www.valpineta.eu\/fr\/excursion\/punta-maristas\/\" \/>\n<meta property=\"og:locale\" content=\"fr_FR\" \/>\n<meta property=\"og:type\" content=\"article\" \/>\n<meta property=\"og:title\" content=\"Col de la Cruz del Guardia - Punta Marist\u00e1s - Refugio Pineta (Valpineta)\" \/>\n<meta property=\"og:description\" content=\"Une montagne modeste, mais \u00e0 la fois attrayante et simple.Si nous partons de Bielsa, l&rsquo;activit\u00e9 prendra toute la journ\u00e9e et nous r\u00e9compensera d&rsquo;une vue exceptionnelle sur Bielsa, la vall\u00e9e de Pineta et les massifs proches tels Punta Suelza, Posets, Schrader, Picos de Eriste, Cotiella, Clarabide, Batouas&#8230; Acc\u00e8s et approche Depuis Bielsa, direction A\u00ednsa, \u00e0 100&hellip;\" \/>\n<meta property=\"og:url\" content=\"https:\/\/www.valpineta.eu\/fr\/excursion\/punta-maristas\/\" \/>\n<meta property=\"og:site_name\" content=\"Refugio Pineta (Valpineta)\" \/>\n<meta property=\"article:publisher\" content=\"https:\/\/www.facebook.com\/Refugio-d-Pineta-1689373461292734\/\" \/>\n<meta property=\"article:modified_time\" content=\"2023-12-16T21:13:58+00:00\" \/>\n<meta property=\"og:image\" content=\"https:\/\/www.valpineta.eu\/wp-content\/uploads\/2023\/04\/COTIELLA.jpg\" \/>\n\t<meta property=\"og:image:width\" content=\"1920\" \/>\n\t<meta property=\"og:image:height\" content=\"400\" \/>\n\t<meta property=\"og:image:type\" content=\"image\/jpeg\" \/>\n<meta name=\"twitter:card\" content=\"summary_large_image\" \/>\n<meta name=\"twitter:label1\" content=\"Dur\u00e9e de lecture estim\u00e9e\" \/>\n\t<meta name=\"twitter:data1\" content=\"3 minutes\" \/>\n<script type=\"application\/ld+json\" class=\"yoast-schema-graph\">{\"@context\":\"https:\/\/schema.org\",\"@graph\":[{\"@type\":\"WebPage\",\"@id\":\"https:\/\/www.valpineta.eu\/fr\/excursion\/punta-maristas\/\",\"url\":\"https:\/\/www.valpineta.eu\/fr\/excursion\/punta-maristas\/\",\"name\":\"Col de la Cruz del Guardia - Punta Marist\u00e1s - Refugio Pineta (Valpineta)\",\"isPartOf\":{\"@id\":\"https:\/\/www.valpineta.eu\/#website\"},\"primaryImageOfPage\":{\"@id\":\"https:\/\/www.valpineta.eu\/fr\/excursion\/punta-maristas\/#primaryimage\"},\"image\":{\"@id\":\"https:\/\/www.valpineta.eu\/fr\/excursion\/punta-maristas\/#primaryimage\"},\"thumbnailUrl\":\"https:\/\/www.valpineta.eu\/wp-content\/uploads\/2023\/04\/COTIELLA.jpg\",\"datePublished\":\"2023-04-17T09:43:02+00:00\",\"dateModified\":\"2023-12-16T21:13:58+00:00\",\"breadcrumb\":{\"@id\":\"https:\/\/www.valpineta.eu\/fr\/excursion\/punta-maristas\/#breadcrumb\"},\"inLanguage\":\"fr-FR\",\"potentialAction\":[{\"@type\":\"ReadAction\",\"target\":[\"https:\/\/www.valpineta.eu\/fr\/excursion\/punta-maristas\/\"]}]},{\"@type\":\"ImageObject\",\"inLanguage\":\"fr-FR\",\"@id\":\"https:\/\/www.valpineta.eu\/fr\/excursion\/punta-maristas\/#primaryimage\",\"url\":\"https:\/\/www.valpineta.eu\/wp-content\/uploads\/2023\/04\/COTIELLA.jpg\",\"contentUrl\":\"https:\/\/www.valpineta.eu\/wp-content\/uploads\/2023\/04\/COTIELLA.jpg\",\"width\":1920,\"height\":400},{\"@type\":\"BreadcrumbList\",\"@id\":\"https:\/\/www.valpineta.eu\/fr\/excursion\/punta-maristas\/#breadcrumb\",\"itemListElement\":[{\"@type\":\"ListItem\",\"position\":1,\"name\":\"Accueil\",\"item\":\"https:\/\/www.valpineta.eu\/fr\/\"},{\"@type\":\"ListItem\",\"position\":2,\"name\":\"Excursions\",\"item\":\"https:\/\/www.valpineta.eu\/excursion\/\"},{\"@type\":\"ListItem\",\"position\":3,\"name\":\"Col de la Cruz del Guardia &#8211; Punta Marist\u00e1s\"}]},{\"@type\":\"WebSite\",\"@id\":\"https:\/\/www.valpineta.eu\/#website\",\"url\":\"https:\/\/www.valpineta.eu\/\",\"name\":\"Refugio Pineta (Valpineta)\",\"description\":\"Refugio Pineta : La porte de tes r\u00eaves, oses la franchir, et tu te trouveras\",\"publisher\":{\"@id\":\"https:\/\/www.valpineta.eu\/#organization\"},\"potentialAction\":[{\"@type\":\"SearchAction\",\"target\":{\"@type\":\"EntryPoint\",\"urlTemplate\":\"https:\/\/www.valpineta.eu\/?s={search_term_string}\"},\"query-input\":{\"@type\":\"PropertyValueSpecification\",\"valueRequired\":true,\"valueName\":\"search_term_string\"}}],\"inLanguage\":\"fr-FR\"},{\"@type\":\"Organization\",\"@id\":\"https:\/\/www.valpineta.eu\/#organization\",\"name\":\"Refugio Pineta\",\"url\":\"https:\/\/www.valpineta.eu\/\",\"logo\":{\"@type\":\"ImageObject\",\"inLanguage\":\"fr-FR\",\"@id\":\"https:\/\/www.valpineta.eu\/#\/schema\/logo\/image\/\",\"url\":\"https:\/\/www.valpineta.eu\/wp-content\/uploads\/2019\/12\/LOGO-copie-vert.jpg\",\"contentUrl\":\"https:\/\/www.valpineta.eu\/wp-content\/uploads\/2019\/12\/LOGO-copie-vert.jpg\",\"width\":751,\"height\":216,\"caption\":\"Refugio Pineta\"},\"image\":{\"@id\":\"https:\/\/www.valpineta.eu\/#\/schema\/logo\/image\/\"},\"sameAs\":[\"https:\/\/www.facebook.com\/Refugio-d-Pineta-1689373461292734\/\"]}]}<\/script>\n<!-- \/ Yoast SEO plugin. -->","yoast_head_json":{"title":"Col de la Cruz del Guardia - Punta Marist\u00e1s - Refugio Pineta (Valpineta)","robots":{"index":"index","follow":"follow","max-snippet":"max-snippet:-1","max-image-preview":"max-image-preview:large","max-video-preview":"max-video-preview:-1"},"canonical":"https:\/\/www.valpineta.eu\/fr\/excursion\/punta-maristas\/","og_locale":"fr_FR","og_type":"article","og_title":"Col de la Cruz del Guardia - Punta Marist\u00e1s - Refugio Pineta (Valpineta)","og_description":"Une montagne modeste, mais \u00e0 la fois attrayante et simple.Si nous partons de Bielsa, l&rsquo;activit\u00e9 prendra toute la journ\u00e9e et nous r\u00e9compensera d&rsquo;une vue exceptionnelle sur Bielsa, la vall\u00e9e de Pineta et les massifs proches tels Punta Suelza, Posets, Schrader, Picos de Eriste, Cotiella, Clarabide, Batouas&#8230; Acc\u00e8s et approche Depuis Bielsa, direction A\u00ednsa, \u00e0 100&hellip;","og_url":"https:\/\/www.valpineta.eu\/fr\/excursion\/punta-maristas\/","og_site_name":"Refugio Pineta (Valpineta)","article_publisher":"https:\/\/www.facebook.com\/Refugio-d-Pineta-1689373461292734\/","article_modified_time":"2023-12-16T21:13:58+00:00","og_image":[{"width":1920,"height":400,"url":"https:\/\/www.valpineta.eu\/wp-content\/uploads\/2023\/04\/COTIELLA.jpg","type":"image\/jpeg"}],"twitter_card":"summary_large_image","twitter_misc":{"Dur\u00e9e de lecture estim\u00e9e":"3 minutes"},"schema":{"@context":"https:\/\/schema.org","@graph":[{"@type":"WebPage","@id":"https:\/\/www.valpineta.eu\/fr\/excursion\/punta-maristas\/","url":"https:\/\/www.valpineta.eu\/fr\/excursion\/punta-maristas\/","name":"Col de la Cruz del Guardia - Punta Marist\u00e1s - Refugio Pineta (Valpineta)","isPartOf":{"@id":"https:\/\/www.valpineta.eu\/#website"},"primaryImageOfPage":{"@id":"https:\/\/www.valpineta.eu\/fr\/excursion\/punta-maristas\/#primaryimage"},"image":{"@id":"https:\/\/www.valpineta.eu\/fr\/excursion\/punta-maristas\/#primaryimage"},"thumbnailUrl":"https:\/\/www.valpineta.eu\/wp-content\/uploads\/2023\/04\/COTIELLA.jpg","datePublished":"2023-04-17T09:43:02+00:00","dateModified":"2023-12-16T21:13:58+00:00","breadcrumb":{"@id":"https:\/\/www.valpineta.eu\/fr\/excursion\/punta-maristas\/#breadcrumb"},"inLanguage":"fr-FR","potentialAction":[{"@type":"ReadAction","target":["https:\/\/www.valpineta.eu\/fr\/excursion\/punta-maristas\/"]}]},{"@type":"ImageObject","inLanguage":"fr-FR","@id":"https:\/\/www.valpineta.eu\/fr\/excursion\/punta-maristas\/#primaryimage","url":"https:\/\/www.valpineta.eu\/wp-content\/uploads\/2023\/04\/COTIELLA.jpg","contentUrl":"https:\/\/www.valpineta.eu\/wp-content\/uploads\/2023\/04\/COTIELLA.jpg","width":1920,"height":400},{"@type":"BreadcrumbList","@id":"https:\/\/www.valpineta.eu\/fr\/excursion\/punta-maristas\/#breadcrumb","itemListElement":[{"@type":"ListItem","position":1,"name":"Accueil","item":"https:\/\/www.valpineta.eu\/fr\/"},{"@type":"ListItem","position":2,"name":"Excursions","item":"https:\/\/www.valpineta.eu\/excursion\/"},{"@type":"ListItem","position":3,"name":"Col de la Cruz del Guardia &#8211; Punta Marist\u00e1s"}]},{"@type":"WebSite","@id":"https:\/\/www.valpineta.eu\/#website","url":"https:\/\/www.valpineta.eu\/","name":"Refugio Pineta (Valpineta)","description":"Refugio Pineta : La porte de tes r\u00eaves, oses la franchir, et tu te trouveras","publisher":{"@id":"https:\/\/www.valpineta.eu\/#organization"},"potentialAction":[{"@type":"SearchAction","target":{"@type":"EntryPoint","urlTemplate":"https:\/\/www.valpineta.eu\/?s={search_term_string}"},"query-input":{"@type":"PropertyValueSpecification","valueRequired":true,"valueName":"search_term_string"}}],"inLanguage":"fr-FR"},{"@type":"Organization","@id":"https:\/\/www.valpineta.eu\/#organization","name":"Refugio Pineta","url":"https:\/\/www.valpineta.eu\/","logo":{"@type":"ImageObject","inLanguage":"fr-FR","@id":"https:\/\/www.valpineta.eu\/#\/schema\/logo\/image\/","url":"https:\/\/www.valpineta.eu\/wp-content\/uploads\/2019\/12\/LOGO-copie-vert.jpg","contentUrl":"https:\/\/www.valpineta.eu\/wp-content\/uploads\/2019\/12\/LOGO-copie-vert.jpg","width":751,"height":216,"caption":"Refugio Pineta"},"image":{"@id":"https:\/\/www.valpineta.eu\/#\/schema\/logo\/image\/"},"sameAs":["https:\/\/www.facebook.com\/Refugio-d-Pineta-1689373461292734\/"]}]}},"_links":{"self":[{"href":"https:\/\/www.valpineta.eu\/fr\/wp-json\/wp\/v2\/excursions\/13632"}],"collection":[{"href":"https:\/\/www.valpineta.eu\/fr\/wp-json\/wp\/v2\/excursions"}],"about":[{"href":"https:\/\/www.valpineta.eu\/fr\/wp-json\/wp\/v2\/types\/excursion"}],"replies":[{"embeddable":true,"href":"https:\/\/www.valpineta.eu\/fr\/wp-json\/wp\/v2\/comments?post=13632"}],"version-history":[{"count":6,"href":"https:\/\/www.valpineta.eu\/fr\/wp-json\/wp\/v2\/excursions\/13632\/revisions"}],"predecessor-version":[{"id":15128,"href":"https:\/\/www.valpineta.eu\/fr\/wp-json\/wp\/v2\/excursions\/13632\/revisions\/15128"}],"wp:featuredmedia":[{"embeddable":true,"href":"https:\/\/www.valpineta.eu\/fr\/wp-json\/wp\/v2\/media\/13554"}],"wp:attachment":[{"href":"https:\/\/www.valpineta.eu\/fr\/wp-json\/wp\/v2\/media?parent=13632"}],"curies":[{"name":"wp","href":"https:\/\/api.w.org\/{rel}","templated":true}]}}