{"id":1221,"date":"2019-08-04T21:47:27","date_gmt":"2019-08-04T19:47:27","guid":{"rendered":"https:\/\/www.valpineta.eu\/?post_type=excursion&#038;p=1221"},"modified":"2023-12-17T01:06:44","modified_gmt":"2023-12-17T00:06:44","slug":"punta-de-las-olas","status":"publish","type":"excursion","link":"https:\/\/www.valpineta.eu\/fr\/excursion\/punta-de-las-olas\/","title":{"rendered":"Punta de las Olas"},"content":{"rendered":"\r\n<p><em><strong>Avec ses 3022m, la Punta de las Olas n&rsquo;est pas le 3000 le plus prestigieux des Pyr\u00e9n\u00e9es, ni le plus fr\u00e9quent\u00e9. Vu du nord, il ne semble \u00eatre qu&rsquo;une ant\u00e9cime de son voisin, le Soum de Ramond. Vu de l&rsquo;Est ou du Sud, il s&rsquo;affirme davantage. Depuis le ch\u00e2teau d&rsquo;Ainsa, certains penseront identifier les Trois S\u0153urs \u00e0 gauche des Trois Maries. Ce sont juste deux S\u0153urs et La Punta de las Olas !<\/strong><\/em><\/p>\r\n<p><em><strong>La Punta de las Olas pourrait \u00eatre consid\u00e9r\u00e9e comme un sommet d&rsquo;initiation pour randonneur sportif. Le d\u00e9nivel\u00e9 n&rsquo;est pas n\u00e9gligeable.<\/strong><\/em><\/p>\r\n<p>&nbsp;<\/p>\r\n<p><em><strong>Chez les plus jeunes, il peut \u00eatre un sommet initiatique :<\/strong><\/em><\/p>\r\n<ul>\r\n<li><em><strong>Par l&rsquo;engagement qu&rsquo;il demande si on passe par la vire. On y sera seul, l&rsquo;endroit est peu fr\u00e9quent\u00e9.<\/strong><\/em><\/li>\r\n<li><em><strong>Par la vue extraordinaire sur A\u00f1isclo, le Castillo Mayor, les Sestrales, le Soum de Ramond\u2026<\/strong><\/em><\/li>\r\n<li><em><strong>Enfin, parce que la Punta de las Olas est la porte d&rsquo;entr\u00e9e d&rsquo;un nouveau monde, un plateau suspendu entre le Soum de Ramond et les Pics de Baudrimont. En suivant ce plateau, on arriverait au col oriental, puis au sommet du Mont Perdu. On aurait alors suivi les traces de la premi\u00e8re ascension de Ramond de Carbonni\u00e8res au Mont Perdu en 1802.<\/strong><\/em><\/li>\r\n<\/ul>\r\n<p><em><strong>Monter \u00e0 la Punta de las Olas &#8230; c&rsquo;est redescendre avec un nouveau r\u00eave : \u00ab La prochaine fois, ce sera le Mont Perdu par le chemin de Ramond !\u00bb<\/strong><\/em><\/p>\r\n<h4>Refuge de Pineta &#8211; Col d&rsquo;A\u00f1isclo<\/h4>\r\n<p>Du refuge, nous empruntons le GR-11 en direction du col d&rsquo;A\u00f1isclo. Nous commen\u00e7ons par traverser le lit de la rivi\u00e8re (sec en \u00e9t\u00e9 et en hiver) en suivant de gros cairns jusqu&rsquo;\u00e0 l&rsquo;entr\u00e9e d&rsquo;un bosquet de saules. Le chemin tourne \u00e0 gauche sur environ 300 m pour ensuite, au niveau de grands pins, bifurquer \u00e0 nouveau en direction de la paroi. Arriv\u00e9s \u00e0 celle-ci, nous laissons \u00e0 droite le GR-11 qui part en direction du fond de la vall\u00e9e et entamons la mont\u00e9e sur un sentier dont l&rsquo;inclinaison augmente progressivement. Le chemin, GR-11 \u00e9galement, est bien signal\u00e9 par des peintures rouges et blanches. Il passe deux \u00ab Barrancos \u00bb (Fayetas y Espluca negra) entre lesquels nous rencontrons plusieurs passages raides o\u00f9 nous pourrons mettre les mains par endroits. Apr\u00e8s le deuxi\u00e8me Barranco, le sentier entre dans une zone de pins noirs et de bouleaux dans laquelle nous trouvons la bifurcation pour la faja de Tormosa, signal\u00e9e par un panneau.<br \/>Nous restons sur le GR-11 et continuons notre mont\u00e9e en nous rafraichissant \u00e0 une source environ 500 m\u00e8tres plus loin.<br \/>La derni\u00e8re partie de l&rsquo;ascension se d\u00e9roule dans un paysage plus sec, mais ne pr\u00e9sente pas de difficult\u00e9 d&rsquo;orientation, on s&rsquo;attachera \u00e0 suivre les peintures qui nous conduisent au col dans une zone de roche et de pierrier.<\/p>\r\n<h4>Col d&rsquo;A\u00f1isclo &#8211; Punta de las Olas<\/h4>\r\n<p>Le GR-11 descend sur notre droite, en direction de Fon Blanca, \u00e0 la jonction avec le canyon d&rsquo;Arrablo. Si, au lieu de descendre, nous continuons horizontalement, toujours vers la droite, nous retrouverons les marques du GR qui m\u00e8nent \u00e0 Goriz, en passant par la Faja (vire) de la Punta de las Olas.<br \/>Nous suivons ce sentier horizontal (pas besoin de monter) en direction du nord-est. Nous atteignons la vire, une bande herbeuse qui se transforme progressivement en langue de pierre lisse, mais adh\u00e9rente. Au passage le plus d\u00e9licat, une cha\u00eene fix\u00e9e au sol sera tr\u00e8s utile en cas de glace ou de pluie. Nous continuons jusqu&rsquo;\u00e0 un deuxi\u00e8me passage \u00e9quip\u00e9 lui aussi d&rsquo;une cha\u00eene et qui nous aiderait \u00e0 descendre pour continuer le GR-11. C&rsquo;est ici que nous abandonnons le GR pour continuer sur la vire naturelle. \u00c0 son extr\u00e9mit\u00e9, \u00e0 l&rsquo;entr\u00e9e de la face sud du sommet, nous montons sur\u00a0 notre droite \u00e0 travers un terrain de pierriers pour atteindre l&rsquo;avant-cime.<\/p>\r\n<p>Nous commen\u00e7ons par suivre la cr\u00eate semi-horizontale pour rester ensuite sur son versant sud, jusqu&rsquo;\u00e0 trouver un petit couloir, sur notre droite, qui nous permet d&rsquo;atteindre le sommet.<\/p>\r\n<p><a href=\"https:\/\/www.valpineta.eu\/wp-content\/uploads\/2019\/09\/P1002630p-scaled.jpg\" target=\"_self\" rel=\"noopener\"> <img loading=\"lazy\" decoding=\"async\" title=\"P1002630p\" src=\"https:\/\/www.valpineta.eu\/wp-content\/uploads\/2019\/09\/P1002630p-1024x604.jpg\" alt=\"Faja de las Olas\" width=\"1024\" height=\"604\" \/> <\/a> Faja de las Olas <a href=\"https:\/\/www.valpineta.eu\/wp-content\/uploads\/2023\/07\/P1002631-scaled.jpg\" target=\"_self\" rel=\"noopener\"> <img loading=\"lazy\" decoding=\"async\" title=\"P1002631\" src=\"https:\/\/www.valpineta.eu\/wp-content\/uploads\/2023\/07\/P1002631-768x1024.jpg\" alt=\"Faja de las Olas\" width=\"768\" height=\"1024\" \/> <\/a> Faja de las Olas<\/p>\r\n<h4>Descente<\/h4>\r\n<p>M\u00eame chemin jusqu&rsquo;\u00e0 la Punta de las Olas et en choisissant ensuite le pierrier nord-est.<br \/>En partant de l&rsquo;avant-cime sud-est du sommet, nous nous dirigeons vers la gauche, en prenant soin de longer les parois du pics jusqu&rsquo;\u00e0 avoir pass\u00e9 les falaises en dessous de nous.<br \/>Nous pouvons ensuite descendre tout droit dans le pierrier en direction d&rsquo;une zone de gros blocs que nous contournerons, \u00e0 la fin, par la droite pour rejoindre \u00e0 nouveau la vire herbeuse du GR11.<br \/>Nous sommes tout pr\u00e8s du col d&rsquo;A\u00f1isclo et il nous reste \u00e0 descendre de ce col&#8230;<\/p>\r\n<p><em><strong>T\u00e9moignage<\/strong><strong> de David 16 ans, juillet 19 :<\/strong><\/em><\/p>\r\n<p><em>Du col d&rsquo;A\u00f1isclo, nous devons avoir \u00e0 notre gauche \u00ab\u00a0le canyon d&rsquo;A\u00f1isclo\u00a0\u00bb et \u00e0 droite \u00ab\u00a0la vall\u00e9e de la Pineta\u00a0\u00bb. Ces belles vues vont nous accompagner pendant un moment. Nous marcherons en empruntant le sentier du GR-11 qui nous fait traverser un deuxi\u00e8me col o\u00f9 cela vaut la peine de s&rsquo;arr\u00eater pour observer l&rsquo;immensit\u00e9 qui nous entoure (vall\u00e9e de la Pineta, canyon d&rsquo;A\u00f1isclo, Suca, Punta de las Olas,\u2026). A la suite de ce col, le sentier tourne et nous allons passer \u00e0 travers une petite cascade qui nous rafra\u00eechira et rendra le chemin plus agr\u00e9able. En outre, on pourra s&rsquo;amuser \u00e0 regarder les ch\u00e8vres et les moutons qui paissent si pr\u00e8s du chemin, ou m\u00eame sur celui-ci. Laissant derri\u00e8re nous la cascade, nous allons commencer \u00e0 gravir une terrasse d&rsquo;environ quatre m\u00e8tres de large. En plus de ne pas donner le vertige, le chemin passe vite, il n&rsquo;est ni monotone ni ennuyeux. Nous continuons en montant par un passage \u00e9quip\u00e9 de cha\u00eenes fix\u00e9es au sol et nous ignorerons les suivantes verticales qui nous aideraient \u00e0 descendre. Au lieu de passer par ces derni\u00e8res, nous resterons donc sur la m\u00eame terrasse et nous devons y croire, car il semble qu&rsquo;il n&rsquo;y ait pas de d\u00e9bouch\u00e9 \u00e0 cette vire, mais nous d\u00e9couvrirons \u00e0 la fin que l&rsquo;on peut tourner \u00e0 droite pour contourner la cr\u00eate (\u00e0 ce stade, si vous vous tournez \u00e0 gauche, vous tombez dans le ravin). Une fois la cr\u00eate franchie, nous commen\u00e7ons \u00e0 gravir un pierrier tr\u00e8s commode. Il faudra, \u00e0 la fin, gravir quelques petits murs et, intuitivement en 10 minutes ou moins, nous nous arriverons au grand cairn du sommet de la \u00ab\u00a0Punta de las Olas\u00a0\u00bb. Les paysages incroyables devant nos yeux inondent nos c\u0153urs. D&rsquo;un c\u00f4t\u00e9, les pics vertigineux et pointus de Pineta, de l&rsquo;autre, les courbes attrayantes d&rsquo;A\u00f1isclo et en face le Soum de Ramond.\u00a0\u00bb<\/em><\/p>\r\n<p><img loading=\"lazy\" decoding=\"async\" title=\"P1000968 copie\" src=\"https:\/\/www.valpineta.eu\/wp-content\/uploads\/2019\/08\/P1000968-copie.jpg\" alt=\"P1000968 copie\" width=\"1600\" height=\"596\" \/> <a role=\"button\" href=\"https:\/\/fr.wikiloc.com\/itineraires-randonnee\/punta-de-las-olas-desde-pineta-y-el-collado-de-anisclo-141564496\" target=\"_blank\" rel=\"noopener\"> Lien Wikiloc <\/a><\/p>\r\n","protected":false},"featured_media":1237,"comment_status":"open","ping_status":"closed","template":"","presentation":"","vallee":"Pineta\/Refugio","distance_excursion":"14.0","categorie_distance":["10km - 15km"],"duree":"8h30","categorie_duree":["Sup. 8h"],"type_parcours":[{"term_id":14,"name":"Aller\/retour","slug":"aller-retour","description":"","taxonomy":"type_de_parcours","parent":[],"term_taxonomy_id":14,"term_group":0,"count":30,"id":14}],"categorie_denivele":["Sup. 1600m"],"denivele_de_montee":"1750","denivele_de_descente":"1750","altitude_maximale":"3002","hostilite_du_milieu":"3","difficulte_technique":"4","difficulte_orientation":"3","effort_necessaire":"4","information":"","pente_de_neige":"0","rappel_necessaire":"0","passage_escalade":"0","lat":"0.000000","lon":"0.000000","track":{"ID":"15297","post_author":"2","post_date":"2023-12-17 01:06:33","post_date_gmt":"2023-12-17 00:06:33","post_content":"","post_title":"dolas","post_excerpt":"","post_status":"inherit","comment_status":"open","ping_status":"closed","post_password":"","post_name":"dolas","to_ping":"","pinged":"","post_modified":"2023-12-17 01:06:45","post_modified_gmt":"2023-12-17 00:06:45","post_content_filtered":"","post_parent":"1221","guid":"https:\/\/www.valpineta.eu\/wp-content\/uploads\/2019\/08\/dolas.gpx","menu_order":"0","post_type":"attachment","post_mime_type":"application\/gpx+xml","comment_count":"0","translation_id":"13037","element_type":"post_attachment","element_id":"15297","trid":"94842","language_code":"fr","source_language_code":null,"id":"4","code":"fr","english_name":"French","major":"1","active":"1","default_locale":"fr_FR","tag":"fr","encode_url":"0","country":null,"pod_item_id":"15297"},"track_color":"#000000","yoast_head":"<!-- This site is optimized with the Yoast SEO plugin v24.5 - https:\/\/yoast.com\/wordpress\/plugins\/seo\/ -->\n<title>Punta de las Olas - Refugio Pineta (Valpineta)<\/title>\n<meta name=\"description\" content=\"Ascension \u00e0 la Punta de las Olas depuis le Refuge de Pineta par le col d\u2019A\u00f1isclo et le GR-11. Superbes vues : Castillo Mayor, Sestrales, Ramond\u2026\" \/>\n<meta name=\"robots\" content=\"index, follow, max-snippet:-1, max-image-preview:large, max-video-preview:-1\" \/>\n<link rel=\"canonical\" href=\"https:\/\/www.valpineta.eu\/fr\/excursion\/punta-de-las-olas\/\" \/>\n<meta property=\"og:locale\" content=\"fr_FR\" \/>\n<meta property=\"og:type\" content=\"article\" \/>\n<meta property=\"og:title\" content=\"Punta de las Olas - Refugio Pineta (Valpineta)\" \/>\n<meta property=\"og:description\" content=\"Ascension \u00e0 la Punta de las Olas depuis le Refuge de Pineta par le col d\u2019A\u00f1isclo et le GR-11. Superbes vues : Castillo Mayor, Sestrales, Ramond\u2026\" \/>\n<meta property=\"og:url\" content=\"https:\/\/www.valpineta.eu\/fr\/excursion\/punta-de-las-olas\/\" \/>\n<meta property=\"og:site_name\" content=\"Refugio Pineta (Valpineta)\" \/>\n<meta property=\"article:publisher\" content=\"https:\/\/www.facebook.com\/Refugio-d-Pineta-1689373461292734\/\" \/>\n<meta property=\"article:modified_time\" content=\"2023-12-17T00:06:44+00:00\" \/>\n<meta property=\"og:image\" content=\"https:\/\/www.valpineta.eu\/wp-content\/uploads\/2019\/08\/OLAS2.jpg\" \/>\n\t<meta property=\"og:image:width\" content=\"1920\" \/>\n\t<meta property=\"og:image:height\" content=\"400\" \/>\n\t<meta property=\"og:image:type\" content=\"image\/jpeg\" \/>\n<meta name=\"twitter:card\" content=\"summary_large_image\" \/>\n<meta name=\"twitter:label1\" content=\"Dur\u00e9e de lecture estim\u00e9e\" \/>\n\t<meta name=\"twitter:data1\" content=\"7 minutes\" \/>\n<script type=\"application\/ld+json\" class=\"yoast-schema-graph\">{\"@context\":\"https:\/\/schema.org\",\"@graph\":[{\"@type\":\"WebPage\",\"@id\":\"https:\/\/www.valpineta.eu\/fr\/excursion\/punta-de-las-olas\/\",\"url\":\"https:\/\/www.valpineta.eu\/fr\/excursion\/punta-de-las-olas\/\",\"name\":\"Punta de las Olas - Refugio Pineta (Valpineta)\",\"isPartOf\":{\"@id\":\"https:\/\/www.valpineta.eu\/#website\"},\"primaryImageOfPage\":{\"@id\":\"https:\/\/www.valpineta.eu\/fr\/excursion\/punta-de-las-olas\/#primaryimage\"},\"image\":{\"@id\":\"https:\/\/www.valpineta.eu\/fr\/excursion\/punta-de-las-olas\/#primaryimage\"},\"thumbnailUrl\":\"https:\/\/www.valpineta.eu\/wp-content\/uploads\/2019\/08\/OLAS2.jpg\",\"datePublished\":\"2019-08-04T19:47:27+00:00\",\"dateModified\":\"2023-12-17T00:06:44+00:00\",\"description\":\"Ascension \u00e0 la Punta de las Olas depuis le Refuge de Pineta par le col d\u2019A\u00f1isclo et le GR-11. Superbes vues : Castillo Mayor, Sestrales, Ramond\u2026\",\"breadcrumb\":{\"@id\":\"https:\/\/www.valpineta.eu\/fr\/excursion\/punta-de-las-olas\/#breadcrumb\"},\"inLanguage\":\"fr-FR\",\"potentialAction\":[{\"@type\":\"ReadAction\",\"target\":[\"https:\/\/www.valpineta.eu\/fr\/excursion\/punta-de-las-olas\/\"]}]},{\"@type\":\"ImageObject\",\"inLanguage\":\"fr-FR\",\"@id\":\"https:\/\/www.valpineta.eu\/fr\/excursion\/punta-de-las-olas\/#primaryimage\",\"url\":\"https:\/\/www.valpineta.eu\/wp-content\/uploads\/2019\/08\/OLAS2.jpg\",\"contentUrl\":\"https:\/\/www.valpineta.eu\/wp-content\/uploads\/2019\/08\/OLAS2.jpg\",\"width\":1920,\"height\":400},{\"@type\":\"BreadcrumbList\",\"@id\":\"https:\/\/www.valpineta.eu\/fr\/excursion\/punta-de-las-olas\/#breadcrumb\",\"itemListElement\":[{\"@type\":\"ListItem\",\"position\":1,\"name\":\"Accueil\",\"item\":\"https:\/\/www.valpineta.eu\/fr\/\"},{\"@type\":\"ListItem\",\"position\":2,\"name\":\"Excursions\",\"item\":\"https:\/\/www.valpineta.eu\/excursion\/\"},{\"@type\":\"ListItem\",\"position\":3,\"name\":\"Punta de las Olas\"}]},{\"@type\":\"WebSite\",\"@id\":\"https:\/\/www.valpineta.eu\/#website\",\"url\":\"https:\/\/www.valpineta.eu\/\",\"name\":\"Refugio Pineta (Valpineta)\",\"description\":\"Refugio Pineta : La porte de tes r\u00eaves, oses la franchir, et tu te trouveras\",\"publisher\":{\"@id\":\"https:\/\/www.valpineta.eu\/#organization\"},\"potentialAction\":[{\"@type\":\"SearchAction\",\"target\":{\"@type\":\"EntryPoint\",\"urlTemplate\":\"https:\/\/www.valpineta.eu\/?s={search_term_string}\"},\"query-input\":{\"@type\":\"PropertyValueSpecification\",\"valueRequired\":true,\"valueName\":\"search_term_string\"}}],\"inLanguage\":\"fr-FR\"},{\"@type\":\"Organization\",\"@id\":\"https:\/\/www.valpineta.eu\/#organization\",\"name\":\"Refugio Pineta\",\"url\":\"https:\/\/www.valpineta.eu\/\",\"logo\":{\"@type\":\"ImageObject\",\"inLanguage\":\"fr-FR\",\"@id\":\"https:\/\/www.valpineta.eu\/#\/schema\/logo\/image\/\",\"url\":\"https:\/\/www.valpineta.eu\/wp-content\/uploads\/2019\/12\/LOGO-copie-vert.jpg\",\"contentUrl\":\"https:\/\/www.valpineta.eu\/wp-content\/uploads\/2019\/12\/LOGO-copie-vert.jpg\",\"width\":751,\"height\":216,\"caption\":\"Refugio Pineta\"},\"image\":{\"@id\":\"https:\/\/www.valpineta.eu\/#\/schema\/logo\/image\/\"},\"sameAs\":[\"https:\/\/www.facebook.com\/Refugio-d-Pineta-1689373461292734\/\"]}]}<\/script>\n<!-- \/ Yoast SEO plugin. -->","yoast_head_json":{"title":"Punta de las Olas - Refugio Pineta (Valpineta)","description":"Ascension \u00e0 la Punta de las Olas depuis le Refuge de Pineta par le col d\u2019A\u00f1isclo et le GR-11. Superbes vues : Castillo Mayor, Sestrales, Ramond\u2026","robots":{"index":"index","follow":"follow","max-snippet":"max-snippet:-1","max-image-preview":"max-image-preview:large","max-video-preview":"max-video-preview:-1"},"canonical":"https:\/\/www.valpineta.eu\/fr\/excursion\/punta-de-las-olas\/","og_locale":"fr_FR","og_type":"article","og_title":"Punta de las Olas - Refugio Pineta (Valpineta)","og_description":"Ascension \u00e0 la Punta de las Olas depuis le Refuge de Pineta par le col d\u2019A\u00f1isclo et le GR-11. Superbes vues : Castillo Mayor, Sestrales, Ramond\u2026","og_url":"https:\/\/www.valpineta.eu\/fr\/excursion\/punta-de-las-olas\/","og_site_name":"Refugio Pineta (Valpineta)","article_publisher":"https:\/\/www.facebook.com\/Refugio-d-Pineta-1689373461292734\/","article_modified_time":"2023-12-17T00:06:44+00:00","og_image":[{"width":1920,"height":400,"url":"https:\/\/www.valpineta.eu\/wp-content\/uploads\/2019\/08\/OLAS2.jpg","type":"image\/jpeg"}],"twitter_card":"summary_large_image","twitter_misc":{"Dur\u00e9e de lecture estim\u00e9e":"7 minutes"},"schema":{"@context":"https:\/\/schema.org","@graph":[{"@type":"WebPage","@id":"https:\/\/www.valpineta.eu\/fr\/excursion\/punta-de-las-olas\/","url":"https:\/\/www.valpineta.eu\/fr\/excursion\/punta-de-las-olas\/","name":"Punta de las Olas - Refugio Pineta (Valpineta)","isPartOf":{"@id":"https:\/\/www.valpineta.eu\/#website"},"primaryImageOfPage":{"@id":"https:\/\/www.valpineta.eu\/fr\/excursion\/punta-de-las-olas\/#primaryimage"},"image":{"@id":"https:\/\/www.valpineta.eu\/fr\/excursion\/punta-de-las-olas\/#primaryimage"},"thumbnailUrl":"https:\/\/www.valpineta.eu\/wp-content\/uploads\/2019\/08\/OLAS2.jpg","datePublished":"2019-08-04T19:47:27+00:00","dateModified":"2023-12-17T00:06:44+00:00","description":"Ascension \u00e0 la Punta de las Olas depuis le Refuge de Pineta par le col d\u2019A\u00f1isclo et le GR-11. Superbes vues : Castillo Mayor, Sestrales, Ramond\u2026","breadcrumb":{"@id":"https:\/\/www.valpineta.eu\/fr\/excursion\/punta-de-las-olas\/#breadcrumb"},"inLanguage":"fr-FR","potentialAction":[{"@type":"ReadAction","target":["https:\/\/www.valpineta.eu\/fr\/excursion\/punta-de-las-olas\/"]}]},{"@type":"ImageObject","inLanguage":"fr-FR","@id":"https:\/\/www.valpineta.eu\/fr\/excursion\/punta-de-las-olas\/#primaryimage","url":"https:\/\/www.valpineta.eu\/wp-content\/uploads\/2019\/08\/OLAS2.jpg","contentUrl":"https:\/\/www.valpineta.eu\/wp-content\/uploads\/2019\/08\/OLAS2.jpg","width":1920,"height":400},{"@type":"BreadcrumbList","@id":"https:\/\/www.valpineta.eu\/fr\/excursion\/punta-de-las-olas\/#breadcrumb","itemListElement":[{"@type":"ListItem","position":1,"name":"Accueil","item":"https:\/\/www.valpineta.eu\/fr\/"},{"@type":"ListItem","position":2,"name":"Excursions","item":"https:\/\/www.valpineta.eu\/excursion\/"},{"@type":"ListItem","position":3,"name":"Punta de las Olas"}]},{"@type":"WebSite","@id":"https:\/\/www.valpineta.eu\/#website","url":"https:\/\/www.valpineta.eu\/","name":"Refugio Pineta (Valpineta)","description":"Refugio Pineta : La porte de tes r\u00eaves, oses la franchir, et tu te trouveras","publisher":{"@id":"https:\/\/www.valpineta.eu\/#organization"},"potentialAction":[{"@type":"SearchAction","target":{"@type":"EntryPoint","urlTemplate":"https:\/\/www.valpineta.eu\/?s={search_term_string}"},"query-input":{"@type":"PropertyValueSpecification","valueRequired":true,"valueName":"search_term_string"}}],"inLanguage":"fr-FR"},{"@type":"Organization","@id":"https:\/\/www.valpineta.eu\/#organization","name":"Refugio Pineta","url":"https:\/\/www.valpineta.eu\/","logo":{"@type":"ImageObject","inLanguage":"fr-FR","@id":"https:\/\/www.valpineta.eu\/#\/schema\/logo\/image\/","url":"https:\/\/www.valpineta.eu\/wp-content\/uploads\/2019\/12\/LOGO-copie-vert.jpg","contentUrl":"https:\/\/www.valpineta.eu\/wp-content\/uploads\/2019\/12\/LOGO-copie-vert.jpg","width":751,"height":216,"caption":"Refugio Pineta"},"image":{"@id":"https:\/\/www.valpineta.eu\/#\/schema\/logo\/image\/"},"sameAs":["https:\/\/www.facebook.com\/Refugio-d-Pineta-1689373461292734\/"]}]}},"_links":{"self":[{"href":"https:\/\/www.valpineta.eu\/fr\/wp-json\/wp\/v2\/excursions\/1221"}],"collection":[{"href":"https:\/\/www.valpineta.eu\/fr\/wp-json\/wp\/v2\/excursions"}],"about":[{"href":"https:\/\/www.valpineta.eu\/fr\/wp-json\/wp\/v2\/types\/excursion"}],"replies":[{"embeddable":true,"href":"https:\/\/www.valpineta.eu\/fr\/wp-json\/wp\/v2\/comments?post=1221"}],"version-history":[{"count":27,"href":"https:\/\/www.valpineta.eu\/fr\/wp-json\/wp\/v2\/excursions\/1221\/revisions"}],"predecessor-version":[{"id":15299,"href":"https:\/\/www.valpineta.eu\/fr\/wp-json\/wp\/v2\/excursions\/1221\/revisions\/15299"}],"wp:featuredmedia":[{"embeddable":true,"href":"https:\/\/www.valpineta.eu\/fr\/wp-json\/wp\/v2\/media\/1237"}],"wp:attachment":[{"href":"https:\/\/www.valpineta.eu\/fr\/wp-json\/wp\/v2\/media?parent=1221"}],"curies":[{"name":"wp","href":"https:\/\/api.w.org\/{rel}","templated":true}]}}