{"id":1192,"date":"2019-08-02T19:41:24","date_gmt":"2019-08-02T17:41:24","guid":{"rendered":"https:\/\/www.valpineta.eu\/?post_type=excursion&#038;p=1192"},"modified":"2024-08-09T15:24:56","modified_gmt":"2024-08-09T13:24:56","slug":"col-danisclo","status":"publish","type":"excursion","link":"https:\/\/www.valpineta.eu\/fr\/excursion\/col-danisclo\/","title":{"rendered":"Col d\u2019A\u00f1isclo"},"content":{"rendered":"\n\n\t<p><em><strong>D&rsquo;en bas, cela para\u00eet impossible&#8230; un chemin ne peut pas passer dans ce mur&#8230; D&rsquo;en haut, en voyant le refuge, on se croirait d\u00e9j\u00e0 presque arriv\u00e9&#8230; <\/strong><\/em><\/p>\n<p><em><strong>Ce chemin est trompeur.\u00a0<\/strong><\/em><\/p>\n<p><em><strong>Certains, surtout ceux qui l&rsquo;ont descendu en pleine chaleur et charg\u00e9s d&rsquo;un sac bien rempli, lui en garderont rancune : \u00ab Plus jamais ! \u00bb \u00a0\u00a0<\/strong><\/em><\/p>\n<p><em><strong>Et pourtant&#8230; En le prenant t\u00f4t le matin, il nous permet \u00ab\u00a0d&rsquo;avaler\u00a0\u00bb un d\u00e9nivel\u00e9 de 1200m assez rapidement. En y mettant parfois les mains. Sans d\u00e9tours inutiles. \u00a0<\/strong><\/em><\/p>\n<p><em><strong>Arriv\u00e9 au col, le contraste nous saisit. Vue magnifique et d\u00e9paysante sur le canyon d&rsquo;A\u00f1isclo en opposition avec le vert profond des for\u00eats de Pineta. La \u00ab Balle Berde \u00bb porte bien son nom !<\/strong><\/em><\/p>\n\tDu refuge, nous empruntons le GR-11 en direction du col d&rsquo;A\u00f1isclo. Nous commen\u00e7ons par traverser le lit de la rivi\u00e8re (sec en \u00e9t\u00e9 et en hiver) en suivant de gros cairns jusqu&rsquo;\u00e0 l&rsquo;entr\u00e9e d&rsquo;un bosquet de saules. Le chemin tourne \u00e0 gauche sur environ 300 m pour ensuite, au niveau de grands pins, bifurquer \u00e0 nouveau en direction de la paroi. Arriv\u00e9s \u00e0 celle-ci, nous laissons \u00e0 droite le GR-11 qui part en direction du fond de la vall\u00e9e et entamons la mont\u00e9e sur un sentier dont l&rsquo;inclinaison augmente progressivement. Le chemin, GR-11, est bien signal\u00e9 par des peintures rouges et blanches. Il passe deux \u00ab Barrancos \u00bb (Fayetas y Espluca negra) entre lesquels nous rencontrons plusieurs passages raides o\u00f9 nous pourrons mettre les mains par endroits. Apr\u00e8s le deuxi\u00e8me Barranco, le sentier entre dans une zone de pins noirs et de bouleaux dans laquelle nous trouvons la bifurcation pour la faja de Tormosa, signal\u00e9e par un panneau.<br \/>\nNous restons sur le GR-11 et continuons notre mont\u00e9e en nous rafraichissant \u00e0 une source environ 500 m\u00e8tres plus loin.<br \/>\nLa derni\u00e8re partie de l&rsquo;ascension se d\u00e9roule dans un paysage plus sec, mais ne pr\u00e9sente pas de difficult\u00e9 d&rsquo;orientation, on s&rsquo;attachera \u00e0 suivre les peintures qui nous conduisent au col dans une zone de roche et de pierrier.\n<h4>Col d&rsquo;A\u00f1isclo<\/h4>\n<p>Arriv\u00e9e au col. Vue magnifique sur le Canyon d&rsquo;A\u00f1isclo.<\/p>\n<p>Possibilit\u00e9s \u00e0 partir du col : continuer le GR-11 vers Goriz (deux variantes), descendre l&rsquo;int\u00e9gralit\u00e9 du Canyon d&rsquo;A\u00f1isclo, grimper sur les magnifiques sommets environnants, la Suca, la Punta de las Olas, le Soum de Ramond, le Mont Perdu&#8230;<\/p>\n\n","protected":false},"featured_media":1206,"comment_status":"open","ping_status":"closed","template":"","presentation":"","vallee":"Pineta\/Refugio","distance_excursion":"4.0","categorie_distance":["0km - 5km"],"duree":"3h","categorie_duree":["2h - 4h"],"type_parcours":[{"term_id":18,"name":"Aller simple","slug":"aller-simple","description":"","taxonomy":"type_de_parcours","parent":[],"term_taxonomy_id":18,"term_group":0,"count":13,"id":18}],"categorie_denivele":["1200m - 1600m"],"denivele_de_montee":"1213","denivele_de_descente":"0","altitude_maximale":"2453","hostilite_du_milieu":"2","difficulte_technique":"4","difficulte_orientation":"2","effort_necessaire":"3","information":"","pente_de_neige":"0","rappel_necessaire":"0","passage_escalade":"0","lat":"0.000000","lon":"0.000000","track":{"ID":"15193","post_author":"2","post_date":"2023-12-16 23:30:09","post_date_gmt":"2023-12-16 22:30:09","post_content":"","post_title":"dColladoAnisclo","post_excerpt":"","post_status":"inherit","comment_status":"open","ping_status":"closed","post_password":"","post_name":"dcolladoanisclo-2","to_ping":"","pinged":"","post_modified":"2024-08-09 15:20:35","post_modified_gmt":"2024-08-09 13:20:35","post_content_filtered":"","post_parent":"1192","guid":"https:\/\/www.valpineta.eu\/wp-content\/uploads\/2019\/08\/dColladoAnisclo.gpx","menu_order":"0","post_type":"attachment","post_mime_type":"application\/gpx+xml","comment_count":"0","translation_id":"12976","element_type":"post_attachment","element_id":"15193","trid":"94811","language_code":"fr","source_language_code":"es","id":"4","code":"fr","english_name":"French","major":"1","active":"1","default_locale":"fr_FR","tag":"fr","encode_url":"0","country":null,"pod_item_id":"15193"},"track_color":"#dd3333","yoast_head":"<!-- This site is optimized with the Yoast SEO plugin v24.5 - https:\/\/yoast.com\/wordpress\/plugins\/seo\/ -->\n<title>Col d\u2019A\u00f1isclo - Refugio Pineta (Valpineta)<\/title>\n<meta name=\"description\" content=\"Depuis le refuge de Pineta, par le GR-11, d\u00e9nivel\u00e9 de 1200m. Arriv\u00e9 au col, vue magnifique et d\u00e9paysante sur le canyon d\u2019A\u00f1isclo.\" \/>\n<meta name=\"robots\" content=\"index, follow, max-snippet:-1, max-image-preview:large, max-video-preview:-1\" \/>\n<link rel=\"canonical\" href=\"https:\/\/www.valpineta.eu\/fr\/excursion\/col-danisclo\/\" \/>\n<meta property=\"og:locale\" content=\"fr_FR\" \/>\n<meta property=\"og:type\" content=\"article\" \/>\n<meta property=\"og:title\" content=\"Col d\u2019A\u00f1isclo - Refugio Pineta (Valpineta)\" \/>\n<meta property=\"og:description\" content=\"Depuis le refuge de Pineta, par le GR-11, d\u00e9nivel\u00e9 de 1200m. Arriv\u00e9 au col, vue magnifique et d\u00e9paysante sur le canyon d\u2019A\u00f1isclo.\" \/>\n<meta property=\"og:url\" content=\"https:\/\/www.valpineta.eu\/fr\/excursion\/col-danisclo\/\" \/>\n<meta property=\"og:site_name\" content=\"Refugio Pineta (Valpineta)\" \/>\n<meta property=\"article:publisher\" content=\"https:\/\/www.facebook.com\/Refugio-d-Pineta-1689373461292734\/\" \/>\n<meta property=\"article:modified_time\" content=\"2024-08-09T13:24:56+00:00\" \/>\n<meta property=\"og:image\" content=\"https:\/\/www.valpineta.eu\/wp-content\/uploads\/2019\/08\/anisclo.jpg\" \/>\n\t<meta property=\"og:image:width\" content=\"1920\" \/>\n\t<meta property=\"og:image:height\" content=\"400\" \/>\n\t<meta property=\"og:image:type\" content=\"image\/jpeg\" \/>\n<meta name=\"twitter:card\" content=\"summary_large_image\" \/>\n<meta name=\"twitter:label1\" content=\"Dur\u00e9e de lecture estim\u00e9e\" \/>\n\t<meta name=\"twitter:data1\" content=\"3 minutes\" \/>\n<script type=\"application\/ld+json\" class=\"yoast-schema-graph\">{\"@context\":\"https:\/\/schema.org\",\"@graph\":[{\"@type\":\"WebPage\",\"@id\":\"https:\/\/www.valpineta.eu\/fr\/excursion\/col-danisclo\/\",\"url\":\"https:\/\/www.valpineta.eu\/fr\/excursion\/col-danisclo\/\",\"name\":\"Col d\u2019A\u00f1isclo - Refugio Pineta (Valpineta)\",\"isPartOf\":{\"@id\":\"https:\/\/www.valpineta.eu\/#website\"},\"primaryImageOfPage\":{\"@id\":\"https:\/\/www.valpineta.eu\/fr\/excursion\/col-danisclo\/#primaryimage\"},\"image\":{\"@id\":\"https:\/\/www.valpineta.eu\/fr\/excursion\/col-danisclo\/#primaryimage\"},\"thumbnailUrl\":\"https:\/\/www.valpineta.eu\/wp-content\/uploads\/2019\/08\/anisclo.jpg\",\"datePublished\":\"2019-08-02T17:41:24+00:00\",\"dateModified\":\"2024-08-09T13:24:56+00:00\",\"description\":\"Depuis le refuge de Pineta, par le GR-11, d\u00e9nivel\u00e9 de 1200m. Arriv\u00e9 au col, vue magnifique et d\u00e9paysante sur le canyon d\u2019A\u00f1isclo.\",\"breadcrumb\":{\"@id\":\"https:\/\/www.valpineta.eu\/fr\/excursion\/col-danisclo\/#breadcrumb\"},\"inLanguage\":\"fr-FR\",\"potentialAction\":[{\"@type\":\"ReadAction\",\"target\":[\"https:\/\/www.valpineta.eu\/fr\/excursion\/col-danisclo\/\"]}]},{\"@type\":\"ImageObject\",\"inLanguage\":\"fr-FR\",\"@id\":\"https:\/\/www.valpineta.eu\/fr\/excursion\/col-danisclo\/#primaryimage\",\"url\":\"https:\/\/www.valpineta.eu\/wp-content\/uploads\/2019\/08\/anisclo.jpg\",\"contentUrl\":\"https:\/\/www.valpineta.eu\/wp-content\/uploads\/2019\/08\/anisclo.jpg\",\"width\":1920,\"height\":400},{\"@type\":\"BreadcrumbList\",\"@id\":\"https:\/\/www.valpineta.eu\/fr\/excursion\/col-danisclo\/#breadcrumb\",\"itemListElement\":[{\"@type\":\"ListItem\",\"position\":1,\"name\":\"Accueil\",\"item\":\"https:\/\/www.valpineta.eu\/fr\/\"},{\"@type\":\"ListItem\",\"position\":2,\"name\":\"Excursions\",\"item\":\"https:\/\/www.valpineta.eu\/excursion\/\"},{\"@type\":\"ListItem\",\"position\":3,\"name\":\"Col d\u2019A\u00f1isclo\"}]},{\"@type\":\"WebSite\",\"@id\":\"https:\/\/www.valpineta.eu\/#website\",\"url\":\"https:\/\/www.valpineta.eu\/\",\"name\":\"Refugio Pineta (Valpineta)\",\"description\":\"Refugio Pineta : La porte de tes r\u00eaves, oses la franchir, et tu te trouveras\",\"publisher\":{\"@id\":\"https:\/\/www.valpineta.eu\/#organization\"},\"potentialAction\":[{\"@type\":\"SearchAction\",\"target\":{\"@type\":\"EntryPoint\",\"urlTemplate\":\"https:\/\/www.valpineta.eu\/?s={search_term_string}\"},\"query-input\":{\"@type\":\"PropertyValueSpecification\",\"valueRequired\":true,\"valueName\":\"search_term_string\"}}],\"inLanguage\":\"fr-FR\"},{\"@type\":\"Organization\",\"@id\":\"https:\/\/www.valpineta.eu\/#organization\",\"name\":\"Refugio Pineta\",\"url\":\"https:\/\/www.valpineta.eu\/\",\"logo\":{\"@type\":\"ImageObject\",\"inLanguage\":\"fr-FR\",\"@id\":\"https:\/\/www.valpineta.eu\/#\/schema\/logo\/image\/\",\"url\":\"https:\/\/www.valpineta.eu\/wp-content\/uploads\/2019\/12\/LOGO-copie-vert.jpg\",\"contentUrl\":\"https:\/\/www.valpineta.eu\/wp-content\/uploads\/2019\/12\/LOGO-copie-vert.jpg\",\"width\":751,\"height\":216,\"caption\":\"Refugio Pineta\"},\"image\":{\"@id\":\"https:\/\/www.valpineta.eu\/#\/schema\/logo\/image\/\"},\"sameAs\":[\"https:\/\/www.facebook.com\/Refugio-d-Pineta-1689373461292734\/\"]}]}<\/script>\n<!-- \/ Yoast SEO plugin. -->","yoast_head_json":{"title":"Col d\u2019A\u00f1isclo - Refugio Pineta (Valpineta)","description":"Depuis le refuge de Pineta, par le GR-11, d\u00e9nivel\u00e9 de 1200m. Arriv\u00e9 au col, vue magnifique et d\u00e9paysante sur le canyon d\u2019A\u00f1isclo.","robots":{"index":"index","follow":"follow","max-snippet":"max-snippet:-1","max-image-preview":"max-image-preview:large","max-video-preview":"max-video-preview:-1"},"canonical":"https:\/\/www.valpineta.eu\/fr\/excursion\/col-danisclo\/","og_locale":"fr_FR","og_type":"article","og_title":"Col d\u2019A\u00f1isclo - Refugio Pineta (Valpineta)","og_description":"Depuis le refuge de Pineta, par le GR-11, d\u00e9nivel\u00e9 de 1200m. Arriv\u00e9 au col, vue magnifique et d\u00e9paysante sur le canyon d\u2019A\u00f1isclo.","og_url":"https:\/\/www.valpineta.eu\/fr\/excursion\/col-danisclo\/","og_site_name":"Refugio Pineta (Valpineta)","article_publisher":"https:\/\/www.facebook.com\/Refugio-d-Pineta-1689373461292734\/","article_modified_time":"2024-08-09T13:24:56+00:00","og_image":[{"width":1920,"height":400,"url":"https:\/\/www.valpineta.eu\/wp-content\/uploads\/2019\/08\/anisclo.jpg","type":"image\/jpeg"}],"twitter_card":"summary_large_image","twitter_misc":{"Dur\u00e9e de lecture estim\u00e9e":"3 minutes"},"schema":{"@context":"https:\/\/schema.org","@graph":[{"@type":"WebPage","@id":"https:\/\/www.valpineta.eu\/fr\/excursion\/col-danisclo\/","url":"https:\/\/www.valpineta.eu\/fr\/excursion\/col-danisclo\/","name":"Col d\u2019A\u00f1isclo - Refugio Pineta (Valpineta)","isPartOf":{"@id":"https:\/\/www.valpineta.eu\/#website"},"primaryImageOfPage":{"@id":"https:\/\/www.valpineta.eu\/fr\/excursion\/col-danisclo\/#primaryimage"},"image":{"@id":"https:\/\/www.valpineta.eu\/fr\/excursion\/col-danisclo\/#primaryimage"},"thumbnailUrl":"https:\/\/www.valpineta.eu\/wp-content\/uploads\/2019\/08\/anisclo.jpg","datePublished":"2019-08-02T17:41:24+00:00","dateModified":"2024-08-09T13:24:56+00:00","description":"Depuis le refuge de Pineta, par le GR-11, d\u00e9nivel\u00e9 de 1200m. Arriv\u00e9 au col, vue magnifique et d\u00e9paysante sur le canyon d\u2019A\u00f1isclo.","breadcrumb":{"@id":"https:\/\/www.valpineta.eu\/fr\/excursion\/col-danisclo\/#breadcrumb"},"inLanguage":"fr-FR","potentialAction":[{"@type":"ReadAction","target":["https:\/\/www.valpineta.eu\/fr\/excursion\/col-danisclo\/"]}]},{"@type":"ImageObject","inLanguage":"fr-FR","@id":"https:\/\/www.valpineta.eu\/fr\/excursion\/col-danisclo\/#primaryimage","url":"https:\/\/www.valpineta.eu\/wp-content\/uploads\/2019\/08\/anisclo.jpg","contentUrl":"https:\/\/www.valpineta.eu\/wp-content\/uploads\/2019\/08\/anisclo.jpg","width":1920,"height":400},{"@type":"BreadcrumbList","@id":"https:\/\/www.valpineta.eu\/fr\/excursion\/col-danisclo\/#breadcrumb","itemListElement":[{"@type":"ListItem","position":1,"name":"Accueil","item":"https:\/\/www.valpineta.eu\/fr\/"},{"@type":"ListItem","position":2,"name":"Excursions","item":"https:\/\/www.valpineta.eu\/excursion\/"},{"@type":"ListItem","position":3,"name":"Col d\u2019A\u00f1isclo"}]},{"@type":"WebSite","@id":"https:\/\/www.valpineta.eu\/#website","url":"https:\/\/www.valpineta.eu\/","name":"Refugio Pineta (Valpineta)","description":"Refugio Pineta : La porte de tes r\u00eaves, oses la franchir, et tu te trouveras","publisher":{"@id":"https:\/\/www.valpineta.eu\/#organization"},"potentialAction":[{"@type":"SearchAction","target":{"@type":"EntryPoint","urlTemplate":"https:\/\/www.valpineta.eu\/?s={search_term_string}"},"query-input":{"@type":"PropertyValueSpecification","valueRequired":true,"valueName":"search_term_string"}}],"inLanguage":"fr-FR"},{"@type":"Organization","@id":"https:\/\/www.valpineta.eu\/#organization","name":"Refugio Pineta","url":"https:\/\/www.valpineta.eu\/","logo":{"@type":"ImageObject","inLanguage":"fr-FR","@id":"https:\/\/www.valpineta.eu\/#\/schema\/logo\/image\/","url":"https:\/\/www.valpineta.eu\/wp-content\/uploads\/2019\/12\/LOGO-copie-vert.jpg","contentUrl":"https:\/\/www.valpineta.eu\/wp-content\/uploads\/2019\/12\/LOGO-copie-vert.jpg","width":751,"height":216,"caption":"Refugio Pineta"},"image":{"@id":"https:\/\/www.valpineta.eu\/#\/schema\/logo\/image\/"},"sameAs":["https:\/\/www.facebook.com\/Refugio-d-Pineta-1689373461292734\/"]}]}},"_links":{"self":[{"href":"https:\/\/www.valpineta.eu\/fr\/wp-json\/wp\/v2\/excursions\/1192"}],"collection":[{"href":"https:\/\/www.valpineta.eu\/fr\/wp-json\/wp\/v2\/excursions"}],"about":[{"href":"https:\/\/www.valpineta.eu\/fr\/wp-json\/wp\/v2\/types\/excursion"}],"replies":[{"embeddable":true,"href":"https:\/\/www.valpineta.eu\/fr\/wp-json\/wp\/v2\/comments?post=1192"}],"version-history":[{"count":21,"href":"https:\/\/www.valpineta.eu\/fr\/wp-json\/wp\/v2\/excursions\/1192\/revisions"}],"predecessor-version":[{"id":17009,"href":"https:\/\/www.valpineta.eu\/fr\/wp-json\/wp\/v2\/excursions\/1192\/revisions\/17009"}],"wp:featuredmedia":[{"embeddable":true,"href":"https:\/\/www.valpineta.eu\/fr\/wp-json\/wp\/v2\/media\/1206"}],"wp:attachment":[{"href":"https:\/\/www.valpineta.eu\/fr\/wp-json\/wp\/v2\/media?parent=1192"}],"curies":[{"name":"wp","href":"https:\/\/api.w.org\/{rel}","templated":true}]}}